{"id":329,"date":"2023-12-27T15:29:28","date_gmt":"2023-12-27T14:29:28","guid":{"rendered":"https:\/\/www.forte-cultura.network\/?page_id=329"},"modified":"2025-09-04T12:44:24","modified_gmt":"2025-09-04T10:44:24","slug":"organisation","status":"publish","type":"page","link":"https:\/\/www.forte-cultura.network\/fr\/organisation\/","title":{"rendered":"Organisation"},"content":{"rendered":"<div class=\"wp-block-columns alignwide eplus-wrapper is-layout-flex wp-container-core-columns-is-layout-28f84493 wp-block-columns-is-layout-flex eplus-styles-uid-b9a4dd\">\n<div class=\"wp-block-column is-vertically-aligned-center eplus-wrapper is-layout-flow wp-block-column-is-layout-flow\">\n<p class=\"has-large-font-size eplus-wrapper\" style=\"margin-top:0;margin-bottom:0;padding-top:0;padding-bottom:0\"><strong>FORTE CULTURA e.V. <\/strong><\/p>\n\n\n\n<p class=\"has-medium-font-size eplus-wrapper\" style=\"line-height:1.3\"><strong><strong>R\u00e9seau de l'itin\u00e9raire culturel du patrimoine fortifi\u00e9<br>Organisation non gouvernementale, \u00e0 but non lucratif<\/strong><\/strong><\/p>\n\n\n\n<p class=\"eplus-wrapper\">FORTE CULTURA e.V. a \u00e9t\u00e9 fond\u00e9e le 24 novembre 2014 \u00e0 Kostrzyn nad Odra \/PL sous le nom de \"R\u00e9seau europ\u00e9en de tourisme de forteresse et de marketing de forteresse e.V.\". L'association est le r\u00e9sultat du projet \"FORTE CULTURA\" financ\u00e9 par l'Union europ\u00e9enne dans le cadre du PROGRAMME EUROPE CENTRALE, auquel 13 organisations de 8 pays ont particip\u00e9 de 2012 \u00e0 2014.<\/p>\n\n\n\n<p class=\"eplus-wrapper\">Le r\u00e9seau est une association enregistr\u00e9e en vertu de la loi allemande sur les associations. En juillet 2020, l'association a \u00e9t\u00e9 rebaptis\u00e9e FORTE CULTURA e.V. par d\u00e9cision de l'assembl\u00e9e g\u00e9n\u00e9rale, avec l'ajout de \"Netzwerk der Kulturroute Festungsmonumente\". Elle est ouverte aux personnes morales (telles que les organisations de forteresse, les municipalit\u00e9s et les experts) qui souhaitent promouvoir le tourisme de forteresse et le marketing de forteresse.<\/p>\n\n\n\n<p class=\"eplus-wrapper\">Parmi les membres fondateurs figurent la ville fortifi\u00e9e de Kostrzyn nad Odra (PL), le Centre europ\u00e9en de coop\u00e9ration pour le patrimoine culturel des monuments fortifi\u00e9s -ECCOFORT- Berlin (DE), la ville fortifi\u00e9e de Kronach (DE), la ville fortifi\u00e9e de Josefov (CZ), l'organisation de la forteresse Fort Monostor Komarom (HU), des experts de l'universit\u00e9 Humboldt de Berlin (DE) et bien d'autres encore.<\/p>\n\n\n\n<hr class=\"is-style-wide wp-block-separator has-text-color has-custom-fo-cu-2-color has-alpha-channel-opacity has-custom-fo-cu-2-background-color has-background eplus-wrapper\" style=\"margin-top:var(--wp--preset--spacing--30);margin-bottom:var(--wp--preset--spacing--20)\">\n<\/div>\n<\/div>\n\n\n<div class=\"wp-block-group alignwide eplus-wrapper has-global-padding is-layout-constrained wp-container-core-group-is-layout-76be86f6 wp-block-group-is-layout-constrained\" style=\"margin-top:0;margin-bottom:0;padding-top:var(--wp--preset--spacing--20);padding-right:var(--wp--preset--spacing--50);padding-bottom:var(--wp--preset--spacing--30);padding-left:var(--wp--preset--spacing--50)\">\n<div class=\"wp-block-group alignwide eplus-wrapper is-vertical is-content-justification-center is-layout-flex wp-container-core-group-is-layout-ce155fab wp-block-group-is-layout-flex\">\n<h2 class=\"wp-block-heading has-text-align-center has-xx-large-font-size eplus-wrapper\">Notre \u00e9quipe<\/h2>\n\n\n\n<p class=\"has-text-align-center eplus-wrapper\">Le r\u00e9seau FORTE CULTURA est g\u00e9r\u00e9 par notre conseil d'administration.<\/p>\n<\/div>\n\n\n<div class=\"wp-block-columns alignwide eplus-wrapper is-layout-flex wp-container-core-columns-is-layout-4935966c wp-block-columns-is-layout-flex eplus-styles-uid-9e8786\" style=\"padding-right:0;padding-left:0\">\n<div class=\"wp-block-column eplus-wrapper is-layout-flow wp-block-column-is-layout-flow\">\n<figure class=\"is-style-rounded wp-block-image size-full eplus-wrapper is-style-rounded--1\"><img loading=\"lazy\" decoding=\"async\" width=\"425\" height=\"459\" src=\"https:\/\/www.forte-cultura.network\/wp-content\/uploads\/2023\/12\/Filippo-Cailotto.jpg\" alt=\"\" class=\"wp-image-339\" style=\"aspect-ratio:1;object-fit:cover\" srcset=\"https:\/\/www.forte-cultura.network\/wp-content\/uploads\/2023\/12\/Filippo-Cailotto.jpg 425w, https:\/\/www.forte-cultura.network\/wp-content\/uploads\/2023\/12\/Filippo-Cailotto-278x300.jpg 278w, https:\/\/www.forte-cultura.network\/wp-content\/uploads\/2023\/12\/Filippo-Cailotto-11x12.jpg 11w\" sizes=\"auto, (max-width: 425px) 100vw, 425px\" \/><\/figure>\n\n\n\n<div class=\"wp-block-group eplus-wrapper is-vertical is-content-justification-center is-nowrap is-layout-flex wp-container-core-group-is-layout-21d4e958 wp-block-group-is-layout-flex\">\n<p class=\"has-text-align-center has-small-font-size eplus-wrapper\" style=\"line-height:1.2\"><strong>Filippo Cailotto<\/strong><br>V\u00e9rone (IT)<\/p>\n\n\n\n<p class=\"has-text-align-center eplus-wrapper\" style=\"font-size:clamp(0.875rem, 0.875rem + ((1vw - 0.2rem) * 0.042), 0.9rem);\">Pr\u00e9sident<\/p>\n<\/div>\n<\/div>\n\n\n\n<div class=\"wp-block-column eplus-wrapper is-layout-flow wp-container-core-column-is-layout-0611eabd wp-block-column-is-layout-flow\" style=\"padding-right:0;padding-left:0\">\n<figure class=\"is-style-rounded wp-block-image size-full eplus-wrapper is-style-rounded--2\"><img loading=\"lazy\" decoding=\"async\" width=\"357\" height=\"440\" src=\"https:\/\/www.forte-cultura.network\/wp-content\/uploads\/2023\/12\/Dirk-Roeder.jpg\" alt=\"\" class=\"wp-image-341\" style=\"aspect-ratio:1;object-fit:cover\" srcset=\"https:\/\/www.forte-cultura.network\/wp-content\/uploads\/2023\/12\/Dirk-Roeder.jpg 357w, https:\/\/www.forte-cultura.network\/wp-content\/uploads\/2023\/12\/Dirk-Roeder-243x300.jpg 243w, https:\/\/www.forte-cultura.network\/wp-content\/uploads\/2023\/12\/Dirk-Roeder-10x12.jpg 10w\" sizes=\"auto, (max-width: 357px) 100vw, 357px\" \/><\/figure>\n\n\n\n<div class=\"wp-block-group eplus-wrapper is-vertical is-content-justification-center is-nowrap is-layout-flex wp-container-core-group-is-layout-94c17544 wp-block-group-is-layout-flex\" style=\"margin-top:var(--wp--preset--spacing--10);margin-bottom:0;padding-top:0;padding-bottom:0\">\n<p class=\"has-text-align-center has-small-font-size eplus-wrapper\" style=\"line-height:1.2\"><strong>Dirk R\u00f6der<\/strong><br>Berlin (DE)<\/p>\n\n\n\n<p class=\"has-text-align-center eplus-wrapper\" style=\"margin-top:0;margin-bottom:0;padding-top:0;padding-bottom:0;font-size:clamp(0.875rem, 0.875rem + ((1vw - 0.2rem) * 0.042), 0.9rem);line-height:1.2\">Vice-pr\u00e9sident, <strong>Directeur de l'itin\u00e9raire culturel<\/strong>Chef du bureau du r\u00e9seau<\/p>\n<\/div>\n<\/div>\n\n\n\n<div class=\"wp-block-column eplus-wrapper is-layout-flow wp-block-column-is-layout-flow\">\n<figure class=\"is-style-rounded wp-block-image size-full eplus-wrapper is-style-rounded--3\"><img loading=\"lazy\" decoding=\"async\" width=\"963\" height=\"1024\" src=\"https:\/\/www.forte-cultura.network\/wp-content\/uploads\/2023\/12\/Frauke-Vos-Firnkes-963x1024-1.jpg\" alt=\"\" class=\"wp-image-340\" style=\"aspect-ratio:1;object-fit:cover\" srcset=\"https:\/\/www.forte-cultura.network\/wp-content\/uploads\/2023\/12\/Frauke-Vos-Firnkes-963x1024-1.jpg 963w, https:\/\/www.forte-cultura.network\/wp-content\/uploads\/2023\/12\/Frauke-Vos-Firnkes-963x1024-1-282x300.jpg 282w, https:\/\/www.forte-cultura.network\/wp-content\/uploads\/2023\/12\/Frauke-Vos-Firnkes-963x1024-1-768x817.jpg 768w, https:\/\/www.forte-cultura.network\/wp-content\/uploads\/2023\/12\/Frauke-Vos-Firnkes-963x1024-1-11x12.jpg 11w\" sizes=\"auto, (max-width: 963px) 100vw, 963px\" \/><\/figure>\n\n\n\n<div class=\"wp-block-group eplus-wrapper is-vertical is-content-justification-center is-nowrap is-layout-flex wp-container-core-group-is-layout-63bfd6c1 wp-block-group-is-layout-flex\">\n<p class=\"has-text-align-center has-small-font-size eplus-wrapper\" style=\"line-height:1.2\"> <strong>Frauke Vos-Firnkes<\/strong><br>Germersheim (DE)<\/p>\n\n\n\n<p class=\"has-text-align-center has-small-font-size eplus-wrapper\" style=\"line-height:1.2\">Vice-pr\u00e9sident, responsable du cluster FORTE CULTURA Rhin sup\u00e9rieur<\/p>\n<\/div>\n<\/div>\n\n\n\n<div class=\"wp-block-column eplus-wrapper is-layout-flow wp-block-column-is-layout-flow\">\n<figure class=\"is-style-rounded wp-block-image size-full eplus-wrapper is-style-rounded--4\"><img loading=\"lazy\" decoding=\"async\" width=\"328\" height=\"442\" src=\"https:\/\/www.forte-cultura.network\/wp-content\/uploads\/2023\/12\/Agnieszka-Zurawska-Tatala.jpg\" alt=\"\" class=\"wp-image-338\" style=\"aspect-ratio:1;object-fit:cover\" srcset=\"https:\/\/www.forte-cultura.network\/wp-content\/uploads\/2023\/12\/Agnieszka-Zurawska-Tatala.jpg 328w, https:\/\/www.forte-cultura.network\/wp-content\/uploads\/2023\/12\/Agnieszka-Zurawska-Tatala-223x300.jpg 223w, https:\/\/www.forte-cultura.network\/wp-content\/uploads\/2023\/12\/Agnieszka-Zurawska-Tatala-9x12.jpg 9w\" sizes=\"auto, (max-width: 328px) 100vw, 328px\" \/><\/figure>\n\n\n\n<p class=\"has-text-align-center eplus-wrapper\" style=\"font-size:clamp(0.875rem, 0.875rem + ((1vw - 0.2rem) * 0.042), 0.9rem);line-height:1.2\"><strong>Agnieszka Zurawska-Tatala<\/strong><br>Kostrzyn nad Odra (PL)<br>Vice-pr\u00e9sident<\/p>\n<\/div>\n\n\n\n<div class=\"wp-block-column eplus-wrapper is-layout-flow wp-block-column-is-layout-flow\">\n<figure class=\"is-style-rounded wp-block-image size-full eplus-wrapper is-style-rounded--5\"><img loading=\"lazy\" decoding=\"async\" width=\"836\" height=\"919\" src=\"https:\/\/www.forte-cultura.network\/wp-content\/uploads\/2023\/12\/Frank-Riesbeck.jpg\" alt=\"\" class=\"wp-image-342\" style=\"aspect-ratio:1;object-fit:cover\" srcset=\"https:\/\/www.forte-cultura.network\/wp-content\/uploads\/2023\/12\/Frank-Riesbeck.jpg 836w, https:\/\/www.forte-cultura.network\/wp-content\/uploads\/2023\/12\/Frank-Riesbeck-273x300.jpg 273w, https:\/\/www.forte-cultura.network\/wp-content\/uploads\/2023\/12\/Frank-Riesbeck-768x844.jpg 768w, https:\/\/www.forte-cultura.network\/wp-content\/uploads\/2023\/12\/Frank-Riesbeck-11x12.jpg 11w\" sizes=\"auto, (max-width: 836px) 100vw, 836px\" \/><\/figure>\n\n\n\n<div class=\"wp-block-group eplus-wrapper is-vertical is-content-justification-center is-nowrap is-layout-flex wp-container-core-group-is-layout-21d4e958 wp-block-group-is-layout-flex\">\n<p class=\"has-text-align-center has-small-font-size eplus-wrapper\" style=\"line-height:1.2\"><strong> Dr. Frank Riesbeck<\/strong><\/p>\n\n\n\n<p class=\"has-text-align-center has-small-font-size eplus-wrapper\" style=\"line-height:1.2\">Berlin (DE)<\/p>\n\n\n\n<p class=\"has-text-align-center has-small-font-size eplus-wrapper\" style=\"line-height:1.2\">Vice-pr\u00e9sident<\/p>\n<\/div>\n<\/div>\n<\/div>\n\n<div class=\"wp-block-columns alignwide eplus-wrapper is-layout-flex wp-container-core-columns-is-layout-4935966c wp-block-columns-is-layout-flex eplus-styles-uid-473778\" style=\"padding-right:0;padding-left:0\">\n<div class=\"wp-block-column eplus-wrapper is-layout-flow wp-block-column-is-layout-flow\">\n<figure class=\"is-style-rounded wp-block-image size-full eplus-wrapper is-style-rounded--6\"><img loading=\"lazy\" decoding=\"async\" width=\"207\" height=\"266\" src=\"https:\/\/www.forte-cultura.network\/wp-content\/uploads\/2023\/12\/Natasa-Urosevic.jpg\" alt=\"\" class=\"wp-image-337\" style=\"aspect-ratio:1;object-fit:cover\" srcset=\"https:\/\/www.forte-cultura.network\/wp-content\/uploads\/2023\/12\/Natasa-Urosevic.jpg 207w, https:\/\/www.forte-cultura.network\/wp-content\/uploads\/2023\/12\/Natasa-Urosevic-9x12.jpg 9w\" sizes=\"auto, (max-width: 207px) 100vw, 207px\" \/><\/figure>\n\n\n\n<div class=\"wp-block-group eplus-wrapper is-vertical is-content-justification-center is-nowrap is-layout-flex wp-container-core-group-is-layout-21d4e958 wp-block-group-is-layout-flex\">\n<p class=\"has-text-align-center has-small-font-size eplus-wrapper\" style=\"line-height:1.2\"><strong>Professeure associ\u00e9e Nata\u0161a Uro\u0161evi\u0107<\/strong><br>Pula (HR)<\/p>\n\n\n\n<p class=\"has-text-align-center has-small-font-size eplus-wrapper\" style=\"line-height:1.2\"><strong>Chef du conseil scientifique<\/strong><\/p>\n<\/div>\n<\/div>\n\n\n\n<div class=\"wp-block-column eplus-wrapper is-layout-flow wp-block-column-is-layout-flow\">\n<figure class=\"is-style-rounded wp-block-image size-full eplus-wrapper is-style-rounded--7\"><img loading=\"lazy\" decoding=\"async\" width=\"289\" height=\"369\" src=\"https:\/\/www.forte-cultura.network\/wp-content\/uploads\/2023\/12\/Tomas-Jirouch.jpg\" alt=\"\" class=\"wp-image-336\" style=\"aspect-ratio:1;object-fit:cover\" srcset=\"https:\/\/www.forte-cultura.network\/wp-content\/uploads\/2023\/12\/Tomas-Jirouch.jpg 289w, https:\/\/www.forte-cultura.network\/wp-content\/uploads\/2023\/12\/Tomas-Jirouch-235x300.jpg 235w, https:\/\/www.forte-cultura.network\/wp-content\/uploads\/2023\/12\/Tomas-Jirouch-9x12.jpg 9w\" sizes=\"auto, (max-width: 289px) 100vw, 289px\" \/><\/figure>\n\n\n\n<div class=\"wp-block-group eplus-wrapper is-vertical is-content-justification-center is-nowrap is-layout-flex wp-container-core-group-is-layout-63bfd6c1 wp-block-group-is-layout-flex\">\n<p class=\"has-text-align-center has-small-font-size eplus-wrapper\" style=\"line-height:1.2\"><strong>Tom\u00e1\u0161 Jirouch<\/strong><br>Hradec Kr\u00e1lov\u00e9 (CZ)<\/p>\n\n\n\n<p class=\"has-text-align-center has-small-font-size eplus-wrapper\" style=\"line-height:1.2\">Assesseur<\/p>\n<\/div>\n<\/div>\n\n\n\n<div class=\"wp-block-column eplus-wrapper is-layout-flow wp-block-column-is-layout-flow\">\n<figure class=\"is-style-rounded wp-block-image size-full eplus-wrapper is-style-rounded--8\"><img loading=\"lazy\" decoding=\"async\" width=\"1024\" height=\"1024\" src=\"https:\/\/www.forte-cultura.network\/wp-content\/uploads\/2025\/03\/IMG_20200926_230542_601_small.jpg\" alt=\"\" class=\"wp-image-2015\" style=\"aspect-ratio:1;object-fit:cover\" srcset=\"https:\/\/www.forte-cultura.network\/wp-content\/uploads\/2025\/03\/IMG_20200926_230542_601_small.jpg 1024w, https:\/\/www.forte-cultura.network\/wp-content\/uploads\/2025\/03\/IMG_20200926_230542_601_small-300x300.jpg 300w, https:\/\/www.forte-cultura.network\/wp-content\/uploads\/2025\/03\/IMG_20200926_230542_601_small-150x150.jpg 150w, https:\/\/www.forte-cultura.network\/wp-content\/uploads\/2025\/03\/IMG_20200926_230542_601_small-768x768.jpg 768w, https:\/\/www.forte-cultura.network\/wp-content\/uploads\/2025\/03\/IMG_20200926_230542_601_small-12x12.jpg 12w, https:\/\/www.forte-cultura.network\/wp-content\/uploads\/2025\/03\/IMG_20200926_230542_601_small-600x600.jpg 600w\" sizes=\"auto, (max-width: 1024px) 100vw, 1024px\" \/><\/figure>\n\n\n\n<div class=\"wp-block-group eplus-wrapper is-vertical is-content-justification-center is-nowrap is-layout-flex wp-container-core-group-is-layout-63bfd6c1 wp-block-group-is-layout-flex\">\n<p class=\"has-text-align-center has-small-font-size eplus-wrapper\" style=\"line-height:1.2\"><strong>Olha Tikhonova<\/strong><br>Ukraine<\/p>\n\n\n\n<p class=\"has-text-align-center has-small-font-size eplus-wrapper\" style=\"line-height:1.2\">Assesseur<\/p>\n<\/div>\n<\/div>\n\n\n\n<div class=\"wp-block-column eplus-wrapper is-layout-flow wp-block-column-is-layout-flow\">\n<figure class=\"is-style-rounded wp-block-image size-full eplus-wrapper is-style-rounded--9\"><img loading=\"lazy\" decoding=\"async\" width=\"962\" height=\"1600\" src=\"https:\/\/www.forte-cultura.network\/wp-content\/uploads\/2023\/12\/Jelena-Koelble-1.jpg\" alt=\"\" class=\"wp-image-335\" style=\"aspect-ratio:1;object-fit:cover\" srcset=\"https:\/\/www.forte-cultura.network\/wp-content\/uploads\/2023\/12\/Jelena-Koelble-1.jpg 962w, https:\/\/www.forte-cultura.network\/wp-content\/uploads\/2023\/12\/Jelena-Koelble-1-180x300.jpg 180w, https:\/\/www.forte-cultura.network\/wp-content\/uploads\/2023\/12\/Jelena-Koelble-1-616x1024.jpg 616w, https:\/\/www.forte-cultura.network\/wp-content\/uploads\/2023\/12\/Jelena-Koelble-1-768x1277.jpg 768w, https:\/\/www.forte-cultura.network\/wp-content\/uploads\/2023\/12\/Jelena-Koelble-1-924x1536.jpg 924w, https:\/\/www.forte-cultura.network\/wp-content\/uploads\/2023\/12\/Jelena-Koelble-1-7x12.jpg 7w\" sizes=\"auto, (max-width: 962px) 100vw, 962px\" \/><\/figure>\n\n\n\n<div class=\"wp-block-group eplus-wrapper is-vertical is-content-justification-center is-nowrap is-layout-flex wp-container-core-group-is-layout-63bfd6c1 wp-block-group-is-layout-flex\">\n<p class=\"has-text-align-center has-small-font-size eplus-wrapper\" style=\"line-height:1.2\"><strong>Jelena K\u00f6lble<\/strong><br>Berlin (DE)<\/p>\n\n\n\n<p class=\"has-text-align-center has-small-font-size eplus-wrapper\" style=\"line-height:1.2\">Responsable des m\u00e9dias sociaux<\/p>\n<\/div>\n<\/div>\n\n\n\n<div class=\"wp-block-column eplus-wrapper is-layout-flow wp-block-column-is-layout-flow\">\n<p class=\"has-text-align-center eplus-wrapper\" style=\"font-size:clamp(0.875rem, 0.875rem + ((1vw - 0.2rem) * 0.042), 0.9rem);\"><\/p>\n<\/div>\n<\/div><\/div>\n\n\n<div class=\"wp-block-columns alignwide eplus-wrapper is-layout-flex wp-container-core-columns-is-layout-28f84493 wp-block-columns-is-layout-flex eplus-styles-uid-a8f90a\">\n<div class=\"wp-block-column eplus-wrapper is-layout-flow wp-block-column-is-layout-flow\">\n<p class=\"has-text-align-center eplus-wrapper\">Le pr\u00e9sident honoraire du r\u00e9seau est le maire de Kostrzyn nad Odra (PL), <strong>Dr Andrzej Kunt<\/strong>.<br>En raison de ses nombreuses ann\u00e9es de service <strong>Hartmut R\u00f6der<\/strong> ECCOFORT e.V., Berlin (DE) a \u00e9t\u00e9 nomm\u00e9 membre honoraire en 2021.<\/p>\n\n\n\n<p class=\"has-text-align-center eplus-wrapper\">Les objectifs et les t\u00e2ches du r\u00e9seau peuvent \u00eatre consult\u00e9s dans le document en vigueur. <a href=\"https:\/\/www.forte-cultura.network\/wp-content\/uploads\/Documents\/de_FORTE%20CULTURA%20eV%20Satzung.pdf\" target=\"_blank\" rel=\"noreferrer noopener\">Statuts de l'association<\/a>.<\/p>\n<\/div>\n<\/div>\n\n<div class=\"wp-block-columns alignwide are-vertically-aligned-center eplus-wrapper is-layout-flex wp-container-core-columns-is-layout-28f84493 wp-block-columns-is-layout-flex eplus-styles-uid-becb56\">\n<div class=\"wp-block-column is-vertically-aligned-center eplus-wrapper is-layout-flow wp-block-column-is-layout-flow\">\n<hr class=\"is-style-wide wp-block-separator has-text-color has-custom-fo-cu-2-color has-alpha-channel-opacity has-custom-fo-cu-2-background-color has-background eplus-wrapper\" style=\"margin-top:var(--wp--preset--spacing--10);margin-bottom:var(--wp--preset--spacing--10)\">\n<\/div>\n<\/div>\n\n\n<h2 class=\"wp-block-heading has-text-align-left has-xx-large-font-size eplus-wrapper\"><a href=\"https:\/\/www.forte-cultura.network\/fr\/conseil-scientifique\/\" data-type=\"page\" data-id=\"2529\">Conseil scientifique<\/a><\/h2>\n\n\n\n<p class=\"eplus-wrapper\">Les experts de la <strong><a href=\"https:\/\/www.forte-cultura.network\/fr\/conseil-scientifique\/\" data-type=\"page\" data-id=\"2529\">Conseil scientifique<\/a><\/strong> soutiennent les membres de FORTE CULTURA dans diverses questions relatives \u00e0 leurs sp\u00e9cialit\u00e9s respectives. Ils sont \u00e9galement responsables de l'authenticit\u00e9 scientifique de l'itin\u00e9raire culturel.<\/p>\n\n\n<div class=\"wp-block-columns alignwide are-vertically-aligned-center eplus-wrapper is-layout-flex wp-container-core-columns-is-layout-28f84493 wp-block-columns-is-layout-flex eplus-styles-uid-16ce1e\">\n<div class=\"wp-block-column is-vertically-aligned-center eplus-wrapper is-layout-flow wp-block-column-is-layout-flow\">\n<hr class=\"is-style-wide wp-block-separator has-text-color has-custom-fo-cu-2-color has-alpha-channel-opacity has-custom-fo-cu-2-background-color has-background eplus-wrapper\" style=\"margin-top:var(--wp--preset--spacing--10);margin-bottom:var(--wp--preset--spacing--10)\">\n<\/div>\n<\/div>\n\n\n<div class=\"wp-block-kadence-spacer aligncenter kt-block-spacer-329_6e8bbf-c2\"><div class=\"kt-block-spacer kt-block-spacer-halign-center\"><hr class=\"kt-divider\"\/><\/div><\/div>\n\n\n<div class=\"wp-block-columns alignwide has-background eplus-wrapper is-layout-flex wp-container-core-columns-is-layout-af3fa850 wp-block-columns-is-layout-flex eplus-styles-uid-480b77\" style=\"background:linear-gradient(0deg,#C2A990 0%,#F9F9F9 100%);padding-top:var(--wp--preset--spacing--20);padding-right:var(--wp--preset--spacing--20);padding-bottom:var(--wp--preset--spacing--20);padding-left:var(--wp--preset--spacing--20)\">\n<div class=\"wp-block-column is-vertically-aligned-top eplus-wrapper is-layout-flow wp-block-column-is-layout-flow\" style=\"padding-top:var(--wp--preset--spacing--10);padding-right:var(--wp--preset--spacing--10);padding-bottom:var(--wp--preset--spacing--10);padding-left:var(--wp--preset--spacing--10);flex-basis:24.2%\">\n<figure class=\"wp-block-image aligncenter size-full is-resized eplus-wrapper\"><img loading=\"lazy\" decoding=\"async\" width=\"181\" height=\"207\" src=\"https:\/\/www.forte-cultura.network\/wp-content\/uploads\/2023\/12\/Element-1.webp\" alt=\"\" class=\"wp-image-571\" style=\"width:268px;height:auto\" srcset=\"https:\/\/www.forte-cultura.network\/wp-content\/uploads\/2023\/12\/Element-1.webp 181w, https:\/\/www.forte-cultura.network\/wp-content\/uploads\/2023\/12\/Element-1-10x12.webp 10w\" sizes=\"auto, (max-width: 181px) 100vw, 181px\" \/><\/figure>\n<\/div>\n\n\n\n<div class=\"wp-block-column is-vertically-aligned-center eplus-wrapper is-layout-flow wp-block-column-is-layout-flow\" style=\"padding-top:var(--wp--preset--spacing--10);padding-right:var(--wp--preset--spacing--10);padding-bottom:var(--wp--preset--spacing--10);padding-left:var(--wp--preset--spacing--10);flex-basis:65%\">\n<h2 class=\"wp-block-heading has-text-align-left eplus-wrapper\"><a href=\"https:\/\/forte-cultura.com\/en\/european-cultural-route-of-fortified-monuments-2\/\" target=\"_blank\" rel=\"noreferrer noopener\">FORTE CULTURA Stationen<\/a><\/h2>\n\n\n\n<p class=\"has-text-align-left eplus-wrapper\">Les forteresses membres du r\u00e9seau constituent les stations de l'itin\u00e9raire culturel europ\u00e9en des monuments fortifi\u00e9s - FORTE CULTURA.<\/p>\n\n\n\n<p class=\"has-text-align-left eplus-wrapper\">D\u00e9couvrez plus de 60 stations dans 14 pays sur notre <strong><a href=\"https:\/\/forte-cultura.com\/en\/european-cultural-route-of-fortified-monuments-2\/\" target=\"_blank\" rel=\"noreferrer noopener\">Portail touristique de la route culturelle FORTE CULTURA<\/a><\/strong>.<\/p>\n\n\n<div class=\"wp-block-columns eplus-wrapper is-layout-flex wp-container-core-columns-is-layout-28f84493 wp-block-columns-is-layout-flex eplus-styles-uid-dead8f\">\n<div class=\"wp-block-column eplus-wrapper is-layout-flow wp-block-column-is-layout-flow\"><figure class=\"wp-block-image size-full eplus-wrapper eplus-styles-uid-d46375\"><img loading=\"lazy\" decoding=\"async\" width=\"749\" height=\"499\" src=\"https:\/\/www.forte-cultura.network\/wp-content\/uploads\/2023\/12\/2023_Ingolstadt_Ft-Tilly_Gert-Schmidbauer.jpg\" alt=\"\" class=\"wp-image-466\" style=\"aspect-ratio:3\/2;object-fit:cover\" srcset=\"https:\/\/www.forte-cultura.network\/wp-content\/uploads\/2023\/12\/2023_Ingolstadt_Ft-Tilly_Gert-Schmidbauer.jpg 749w, https:\/\/www.forte-cultura.network\/wp-content\/uploads\/2023\/12\/2023_Ingolstadt_Ft-Tilly_Gert-Schmidbauer-300x200.jpg 300w, https:\/\/www.forte-cultura.network\/wp-content\/uploads\/2023\/12\/2023_Ingolstadt_Ft-Tilly_Gert-Schmidbauer-18x12.jpg 18w\" sizes=\"auto, (max-width: 749px) 100vw, 749px\" \/><\/figure><\/div>\n\n\n\n<div class=\"wp-block-column eplus-wrapper is-layout-flow wp-block-column-is-layout-flow\"><figure class=\"wp-block-image size-large eplus-wrapper eplus-styles-uid-d46375\"><img loading=\"lazy\" decoding=\"async\" width=\"1024\" height=\"640\" src=\"https:\/\/www.forte-cultura.network\/wp-content\/uploads\/2023\/12\/San-Marino-1024x640.jpg\" alt=\"\" class=\"wp-image-93\" style=\"aspect-ratio:3\/2;object-fit:cover\" srcset=\"https:\/\/www.forte-cultura.network\/wp-content\/uploads\/2023\/12\/San-Marino-1024x640.jpg 1024w, https:\/\/www.forte-cultura.network\/wp-content\/uploads\/2023\/12\/San-Marino-300x188.jpg 300w, https:\/\/www.forte-cultura.network\/wp-content\/uploads\/2023\/12\/San-Marino-768x480.jpg 768w, https:\/\/www.forte-cultura.network\/wp-content\/uploads\/2023\/12\/San-Marino-18x12.jpg 18w, https:\/\/www.forte-cultura.network\/wp-content\/uploads\/2023\/12\/San-Marino.jpg 1280w\" sizes=\"auto, (max-width: 1024px) 100vw, 1024px\" \/><\/figure><\/div>\n\n\n\n<div class=\"wp-block-column eplus-wrapper is-layout-flow wp-block-column-is-layout-flow\"><figure class=\"wp-block-image size-large eplus-wrapper eplus-styles-uid-2874f8\"><img loading=\"lazy\" decoding=\"async\" width=\"1024\" height=\"640\" src=\"https:\/\/www.forte-cultura.network\/wp-content\/uploads\/2023\/12\/Germersheim-1024x640.jpg\" alt=\"\" class=\"wp-image-97\" style=\"aspect-ratio:3\/2;object-fit:cover\" srcset=\"https:\/\/www.forte-cultura.network\/wp-content\/uploads\/2023\/12\/Germersheim-1024x640.jpg 1024w, https:\/\/www.forte-cultura.network\/wp-content\/uploads\/2023\/12\/Germersheim-300x188.jpg 300w, https:\/\/www.forte-cultura.network\/wp-content\/uploads\/2023\/12\/Germersheim-768x480.jpg 768w, https:\/\/www.forte-cultura.network\/wp-content\/uploads\/2023\/12\/Germersheim-18x12.jpg 18w, https:\/\/www.forte-cultura.network\/wp-content\/uploads\/2023\/12\/Germersheim.jpg 1280w\" sizes=\"auto, (max-width: 1024px) 100vw, 1024px\" \/><\/figure><\/div>\n\n\n\n<div class=\"wp-block-column eplus-wrapper is-layout-flow wp-block-column-is-layout-flow\"><figure class=\"wp-block-image size-full eplus-wrapper eplus-styles-uid-2874f8\"><img loading=\"lazy\" decoding=\"async\" width=\"380\" height=\"254\" src=\"https:\/\/www.forte-cultura.network\/wp-content\/uploads\/2023\/12\/Sibeni_webk.jpg\" alt=\"\" class=\"wp-image-471\" style=\"aspect-ratio:3\/2;object-fit:cover\" srcset=\"https:\/\/www.forte-cultura.network\/wp-content\/uploads\/2023\/12\/Sibeni_webk.jpg 380w, https:\/\/www.forte-cultura.network\/wp-content\/uploads\/2023\/12\/Sibeni_webk-300x201.jpg 300w, https:\/\/www.forte-cultura.network\/wp-content\/uploads\/2023\/12\/Sibeni_webk-18x12.jpg 18w\" sizes=\"auto, (max-width: 380px) 100vw, 380px\" \/><\/figure><\/div>\n\n\n\n<div class=\"wp-block-column eplus-wrapper is-layout-flow wp-block-column-is-layout-flow\"><figure class=\"wp-block-image size-large eplus-wrapper eplus-styles-uid-d46375\"><img loading=\"lazy\" decoding=\"async\" width=\"1024\" height=\"640\" src=\"https:\/\/www.forte-cultura.network\/wp-content\/uploads\/2023\/12\/Doemitz-1024x640.jpg\" alt=\"\" class=\"wp-image-96\" style=\"aspect-ratio:3\/2;object-fit:cover\" srcset=\"https:\/\/www.forte-cultura.network\/wp-content\/uploads\/2023\/12\/Doemitz-1024x640.jpg 1024w, https:\/\/www.forte-cultura.network\/wp-content\/uploads\/2023\/12\/Doemitz-300x188.jpg 300w, https:\/\/www.forte-cultura.network\/wp-content\/uploads\/2023\/12\/Doemitz-768x480.jpg 768w, https:\/\/www.forte-cultura.network\/wp-content\/uploads\/2023\/12\/Doemitz-18x12.jpg 18w, https:\/\/www.forte-cultura.network\/wp-content\/uploads\/2023\/12\/Doemitz.jpg 1280w\" sizes=\"auto, (max-width: 1024px) 100vw, 1024px\" \/><\/figure><\/div>\n<\/div><\/div>\n<\/div>\n\n<div class=\"wp-block-columns alignwide are-vertically-aligned-center eplus-wrapper is-layout-flex wp-container-core-columns-is-layout-7d874bf9 wp-block-columns-is-layout-flex eplus-styles-uid-de16d9\" style=\"margin-top:0;margin-bottom:0;padding-top:0;padding-bottom:0\">\n<div class=\"wp-block-column is-vertically-aligned-center eplus-wrapper is-layout-flow wp-block-column-is-layout-flow\" style=\"padding-top:0;padding-bottom:0\">\n<div class=\"wp-block-kadence-spacer aligncenter kt-block-spacer-329_44af54-e0\"><div class=\"kt-block-spacer kt-block-spacer-halign-center\"><hr class=\"kt-divider\"><\/div><\/div>\n<\/div>\n<\/div>\n\n\n<div class=\"wp-block-group alignwide eplus-wrapper has-base-2-background-color has-background has-global-padding is-layout-constrained wp-container-core-group-is-layout-39412042 wp-block-group-is-layout-constrained\" style=\"border-radius:16px;padding-top:var(--wp--preset--spacing--40);padding-right:var(--wp--preset--spacing--50);padding-bottom:var(--wp--preset--spacing--40);padding-left:var(--wp--preset--spacing--50)\">\n<div style=\"height:var(--wp--preset--spacing--10)\" aria-hidden=\"true\" class=\"wp-block-spacer eplus-wrapper\"><\/div>\n\n\n\n<h2 class=\"wp-block-heading alignwide has-text-align-center eplus-wrapper has-x-large-font-size\">Devenez membre de FORTE CULTURA d\u00e8s maintenant.<\/h2>\n\n\n\n<div class=\"wp-block-columns alignwide eplus-wrapper is-layout-flex wp-container-core-columns-is-layout-28f84493 wp-block-columns-is-layout-flex\">\n<div class=\"wp-block-column eplus-wrapper is-layout-flow wp-block-column-is-layout-flow\">\n<p class=\"has-text-align-center eplus-wrapper translation-block\" style=\"margin-right:0;margin-left:0\">Rejoignez FORTE CULTURA e.V. et participez \u00e0 l'itin\u00e9raire culturel europ\u00e9en des monuments fortifi\u00e9s.<\/p>\n<\/div>\n<\/div>\n\n\n\n<div class=\"wp-block-buttons eplus-wrapper is-content-justification-center is-layout-flex wp-container-core-buttons-is-layout-a89b3969 wp-block-buttons-is-layout-flex\">\n<div class=\"wp-block-button eplus-wrapper\"><a class=\"wp-block-button__link wp-element-button\" href=\"https:\/\/www.forte-cultura.network\/fr\/organisation\/forte-cultura-devenir-membre\/\">En savoir plus<\/a><\/div>\n<\/div>\n\n\n\n<div style=\"height:var(--wp--preset--spacing--10)\" aria-hidden=\"true\" class=\"wp-block-spacer eplus-wrapper\"><\/div>\n<\/div>\n\n\n\n<hr class=\"is-style-wide wp-block-separator alignwide has-text-color has-custom-fo-cu-2-color has-alpha-channel-opacity has-custom-fo-cu-2-background-color has-background eplus-wrapper\" style=\"margin-top:var(--wp--preset--spacing--20);margin-bottom:var(--wp--preset--spacing--20)\"\/>\n\n\n\n<div class=\"wp-block-kadence-spacer alignwide kt-block-spacer-329_83e32e-1f\"><div class=\"kt-block-spacer kt-block-spacer-halign-center\"><\/div><\/div>","protected":false},"excerpt":{"rendered":"<p>FORTE CULTURA e.V. Network of the Cultural Route of Fortified HeritageNon-governmental organisation, non-profit FORTE CULTURA e.V. was founded on 24 November 2014 in Kostrzyn nad Odra \/PL under the name [&hellip;]<\/p>\n","protected":false},"author":1,"featured_media":0,"parent":0,"menu_order":0,"comment_status":"closed","ping_status":"closed","template":"","meta":{"editor_plus_copied_stylings":"{}","pgc_sgb_lightbox_settings":"","_price":"","_stock":"","_tribe_ticket_header":"","_tribe_default_ticket_provider":"","_tribe_ticket_capacity":"0","_ticket_start_date":"","_ticket_end_date":"","_tribe_ticket_show_description":"","_tribe_ticket_show_not_going":false,"_tribe_ticket_use_global_stock":"","_tribe_ticket_global_stock_level":"","_global_stock_mode":"","_global_stock_cap":"","_tribe_rsvp_for_event":"","_tribe_ticket_going_count":"","_tribe_ticket_not_going_count":"","_tribe_tickets_list":"[]","_tribe_ticket_has_attendee_info_fields":false,"_EventAllDay":false,"_EventTimezone":"","_EventStartDate":"","_EventEndDate":"","_EventStartDateUTC":"","_EventEndDateUTC":"","_EventShowMap":false,"_EventShowMapLink":false,"_EventURL":"","_EventCost":"","_EventCostDescription":"","_EventCurrencySymbol":"","_EventCurrencyCode":"","_EventCurrencyPosition":"","_EventDateTimeSeparator":"","_EventTimeRangeSeparator":"","_EventOrganizerID":[],"_EventVenueID":[],"_OrganizerEmail":"","_OrganizerPhone":"","_OrganizerWebsite":"","_VenueAddress":"","_VenueCity":"","_VenueCountry":"","_VenueProvince":"","_VenueState":"","_VenueZip":"","_VenuePhone":"","_VenueURL":"","_VenueStateProvince":"","_VenueLat":"","_VenueLng":"","_VenueShowMap":false,"_VenueShowMapLink":false,"footnotes":""},"class_list":["post-329","page","type-page","status-publish","hentry"],"_links":{"self":[{"href":"https:\/\/www.forte-cultura.network\/fr\/wp-json\/wp\/v2\/pages\/329","targetHints":{"allow":["GET"]}}],"collection":[{"href":"https:\/\/www.forte-cultura.network\/fr\/wp-json\/wp\/v2\/pages"}],"about":[{"href":"https:\/\/www.forte-cultura.network\/fr\/wp-json\/wp\/v2\/types\/page"}],"author":[{"embeddable":true,"href":"https:\/\/www.forte-cultura.network\/fr\/wp-json\/wp\/v2\/users\/1"}],"replies":[{"embeddable":true,"href":"https:\/\/www.forte-cultura.network\/fr\/wp-json\/wp\/v2\/comments?post=329"}],"version-history":[{"count":2,"href":"https:\/\/www.forte-cultura.network\/fr\/wp-json\/wp\/v2\/pages\/329\/revisions"}],"predecessor-version":[{"id":2875,"href":"https:\/\/www.forte-cultura.network\/fr\/wp-json\/wp\/v2\/pages\/329\/revisions\/2875"}],"wp:attachment":[{"href":"https:\/\/www.forte-cultura.network\/fr\/wp-json\/wp\/v2\/media?parent=329"}],"curies":[{"name":"wp","href":"https:\/\/api.w.org\/{rel}","templated":true}]}}