{"id":919,"date":"2024-01-07T11:16:05","date_gmt":"2024-01-07T10:16:05","guid":{"rendered":"https:\/\/www.forte-cultura.network\/?page_id=919"},"modified":"2024-01-07T11:52:20","modified_gmt":"2024-01-07T10:52:20","slug":"mentions-legales","status":"publish","type":"page","link":"https:\/\/www.forte-cultura.network\/fr\/impressum\/","title":{"rendered":"Impressum"},"content":{"rendered":"<div class=\"wp-block-columns alignwide eplus-wrapper is-layout-flex wp-container-core-columns-is-layout-28f84493 wp-block-columns-is-layout-flex eplus-styles-uid-6c247d\">\n<div class=\"wp-block-column eplus-wrapper is-layout-flow wp-block-column-is-layout-flow\">\n<h4 class=\"wp-block-heading eplus-wrapper\">Les dispositions de l'article 5 du TMG :<\/h4>\n\n\n\n<p class=\"eplus-wrapper\">ECCOFORT e.V.<br>Albertinenstr. 1<br>13086 Berlin<\/p>\n\n\n\n<h4 class=\"wp-block-heading eplus-wrapper\">Vertreten durch :<\/h4>\n\n\n\n<p class=\"eplus-wrapper\">Hartmut R\u00f6der<\/p>\n\n\n\n<h4 class=\"wp-block-heading eplus-wrapper\">Kontakt :<\/h4>\n\n\n\n<p class=\"eplus-wrapper\">Telefon : +49 30 923 72 123<br>E-Mail : <a href=\"mailto:admin@eccofort.eu\">admin@eccofort.eu<\/a><\/p>\n\n\n\n<h4 class=\"wp-block-heading eplus-wrapper\">Vereinsregistereintrag :<\/h4>\n\n\n\n<p class=\"eplus-wrapper\">Registergericht : Amtsgericht Berlin - Charlottenburg<br>Registernummer : VR 30805 B<\/p>\n\n\n\n<h4 class=\"wp-block-heading eplus-wrapper\">Registre des transferts de l'UE :<\/h4>\n\n\n\n<p class=\"eplus-wrapper\">Kennnummer : 582482451902-21<\/p>\n\n\n\n<h4 class=\"wp-block-heading eplus-wrapper\">Umsatzsteuer :<\/h4>\n\n\n\n<p class=\"eplus-wrapper\">Umsatzsteuer- Identifikationsnummer gem\u00e4\u00df \u00a727 a Umsatzsteuergesetz :<br>DE289104266<\/p>\n\n\n\n<h4 class=\"wp-block-heading eplus-wrapper\">Verantwortlich f\u00fcr den Inhalt nach \u00a7 55 Abs. 2 RStV :<\/h4>\n\n\n\n<p class=\"eplus-wrapper\">ECCOFORT e.V.<br>r\u00e9alis\u00e9 par Hartmut R\u00f6der<br>Albertinenstr. 1<br>13086 Berlin<\/p>\n\n\n\n<h4 class=\"wp-block-heading eplus-wrapper\">Streitschlichtung<\/h4>\n\n\n\n<p class=\"eplus-wrapper\">Nous ne sommes pas tenus, ni n'avons le droit, d'intervenir dans les cas d'accidents de la route survenus \u00e0 une station-service de la police.<\/p>\n\n\n\n<h4 class=\"wp-block-heading eplus-wrapper\">Frais d'inscription au registre<\/h4>\n\n\n\n<p class=\"eplus-wrapper\">En tant que responsable du traitement, nous sommes tenus, conform\u00e9ment \u00e0 l'article 7, paragraphe 1, du TMG, de traiter les informations contenues sur ces pages dans le respect des dispositions g\u00e9n\u00e9rales. Conform\u00e9ment aux articles 8 \u00e0 10 du TMG, nous ne sommes pas tenus, en tant que destinataires, de divulguer des informations gratuites, qu'elles aient \u00e9t\u00e9 fournies ou non, ou d'en extraire des \u00e9l\u00e9ments, qui sont de nature \u00e0 nuire \u00e0 l'int\u00e9grit\u00e9 territoriale.<\/p>\n\n\n\n<p class=\"eplus-wrapper\">Les dispositions relatives \u00e0 l'obtention ou \u00e0 l'interruption de l'utilisation d'informations conform\u00e9ment aux dispositions g\u00e9n\u00e9rales ne sont pas prises en compte. Une telle compensation n'est toutefois possible qu'\u00e0 partir du moment o\u00f9 l'on a connaissance d'une violation grave des droits de l'homme. Si vous \u00eates victime d'une violation des droits de l'homme, nous nous r\u00e9servons le droit de modifier ces informations \u00e0 tout moment.<\/p>\n\n\n\n<h4 class=\"wp-block-heading eplus-wrapper\">Fonds pour les liens<\/h4>\n\n\n\n<p class=\"eplus-wrapper\">Notre offre contient des liens vers des sites web externes, sur lesquels nous n'avons aucune influence. Par cons\u00e9quent, nous ne pouvons pas non plus exiger de r\u00e9mun\u00e9ration pour ces contenus gratuits. Pour les contenus des pages reli\u00e9es, c'est toujours l'auteur ou le propri\u00e9taire de ces pages qui est responsable. Les pages reli\u00e9es ont \u00e9t\u00e9 soumises \u00e0 des restrictions de droits l\u00e9gitimes au moment de l'\u00e9tablissement du lien. Rechtswidrige Inhalte waren zum Zeitpunkt der Verlinkung nicht erkennbar.<\/p>\n\n\n\n<p class=\"eplus-wrapper\">Un contr\u00f4le permanent et inhal\u00e9 des pages verrouill\u00e9es n'est cependant pas n\u00e9cessaire en l'absence d'effets ind\u00e9sirables d'une action en justice. En cas de r\u00e9clamation pour violation des droits de propri\u00e9t\u00e9 intellectuelle, les liens suivants seront supprim\u00e9s.<\/p>\n\n\n\n<h4 class=\"wp-block-heading eplus-wrapper\">Urheberrecht<\/h4>\n\n\n\n<p class=\"eplus-wrapper\">Les textes et travaux pr\u00e9sent\u00e9s sur ces pages par les auteurs de la page d'accueil ne sont pas conformes \u00e0 la l\u00e9gislation allemande sur les droits d'auteur. La r\u00e9vision, le traitement, la reproduction et toute forme d'interpr\u00e9tation dans le respect des r\u00e8gles du droit d'auteur doivent \u00eatre conformes \u00e0 la l\u00e9gislation sur les droits d'auteur des auteurs et des vendeurs. Les t\u00e9l\u00e9chargements et les copies de ce site sont uniquement destin\u00e9s \u00e0 un usage priv\u00e9 et non commercial.<\/p>\n\n\n\n<p class=\"eplus-wrapper\">Si les produits pr\u00e9sent\u00e9s sur cette page n'ont pas \u00e9t\u00e9 con\u00e7us par l'utilisateur, il convient d'en tenir compte. En outre, les documents pr\u00e9sent\u00e9s sur cette page sont consid\u00e9r\u00e9s comme tels. Si vous \u00eates pr\u00e9occup\u00e9 par un probl\u00e8me d'usure, nous vous donnons un conseil appropri\u00e9. En cas de reconnaissance d'une violation des droits de l'homme, nous nous r\u00e9servons le droit d'en modifier les termes.<\/p>\n\n\n\n<p class=\"eplus-wrapper\">Quelle : <a href=\"https:\/\/www.e-recht24.de\">https:\/\/www.e-recht24.de<\/a><\/p>\n<\/div>\n<\/div>\n\n\n<div class=\"wp-block-kadence-spacer aligncenter kt-block-spacer-919_fbf08b-45\"><div class=\"kt-block-spacer kt-block-spacer-halign-center\"><hr class=\"kt-divider\"\/><\/div><\/div>","protected":false},"excerpt":{"rendered":"<p>Angaben gem\u00e4\u00df \u00a7 5 TMG: ECCOFORT e.V.Albertinenstr. 113086 Berlin Vertreten durch: Hartmut R\u00f6der Kontakt: Telefon: +49 30 923 72 123E-Mail: admin@eccofort.eu Vereinsregistereintrag: Registergericht: Amtsgericht Berlin &#8211; CharlottenburgRegisternummer: VR 30805 B [&hellip;]<\/p>\n","protected":false},"author":1,"featured_media":0,"parent":0,"menu_order":0,"comment_status":"closed","ping_status":"closed","template":"","meta":{"editor_plus_copied_stylings":"{}","pgc_sgb_lightbox_settings":"","_price":"","_stock":"","_tribe_ticket_header":"","_tribe_default_ticket_provider":"","_tribe_ticket_capacity":"0","_ticket_start_date":"","_ticket_end_date":"","_tribe_ticket_show_description":"","_tribe_ticket_show_not_going":false,"_tribe_ticket_use_global_stock":"","_tribe_ticket_global_stock_level":"","_global_stock_mode":"","_global_stock_cap":"","_tribe_rsvp_for_event":"","_tribe_ticket_going_count":"","_tribe_ticket_not_going_count":"","_tribe_tickets_list":"[]","_tribe_ticket_has_attendee_info_fields":false,"_EventAllDay":false,"_EventTimezone":"","_EventStartDate":"","_EventEndDate":"","_EventStartDateUTC":"","_EventEndDateUTC":"","_EventShowMap":false,"_EventShowMapLink":false,"_EventURL":"","_EventCost":"","_EventCostDescription":"","_EventCurrencySymbol":"","_EventCurrencyCode":"","_EventCurrencyPosition":"","_EventDateTimeSeparator":"","_EventTimeRangeSeparator":"","_EventOrganizerID":[],"_EventVenueID":[],"_OrganizerEmail":"","_OrganizerPhone":"","_OrganizerWebsite":"","_VenueAddress":"","_VenueCity":"","_VenueCountry":"","_VenueProvince":"","_VenueState":"","_VenueZip":"","_VenuePhone":"","_VenueURL":"","_VenueStateProvince":"","_VenueLat":"","_VenueLng":"","_VenueShowMap":false,"_VenueShowMapLink":false,"footnotes":""},"class_list":["post-919","page","type-page","status-publish","hentry"],"_links":{"self":[{"href":"https:\/\/www.forte-cultura.network\/fr\/wp-json\/wp\/v2\/pages\/919","targetHints":{"allow":["GET"]}}],"collection":[{"href":"https:\/\/www.forte-cultura.network\/fr\/wp-json\/wp\/v2\/pages"}],"about":[{"href":"https:\/\/www.forte-cultura.network\/fr\/wp-json\/wp\/v2\/types\/page"}],"author":[{"embeddable":true,"href":"https:\/\/www.forte-cultura.network\/fr\/wp-json\/wp\/v2\/users\/1"}],"replies":[{"embeddable":true,"href":"https:\/\/www.forte-cultura.network\/fr\/wp-json\/wp\/v2\/comments?post=919"}],"version-history":[{"count":0,"href":"https:\/\/www.forte-cultura.network\/fr\/wp-json\/wp\/v2\/pages\/919\/revisions"}],"wp:attachment":[{"href":"https:\/\/www.forte-cultura.network\/fr\/wp-json\/wp\/v2\/media?parent=919"}],"curies":[{"name":"wp","href":"https:\/\/api.w.org\/{rel}","templated":true}]}}