{"id":5462,"date":"2026-04-29T17:26:14","date_gmt":"2026-04-29T15:26:14","guid":{"rendered":"https:\/\/www.forte-cultura.network\/?post_type=tribe_events&#038;p=5462"},"modified":"2026-04-29T17:30:24","modified_gmt":"2026-04-29T15:30:24","slug":"fortifications-of-the-mediterranean-coast","status":"publish","type":"tribe_events","link":"https:\/\/www.forte-cultura.network\/it\/event\/fortifications-of-the-mediterranean-coast\/","title":{"rendered":"FORTIFICAZIONI DELLA COSTA MEDITERRANEA"},"content":{"rendered":"<figure class=\"wp-block-image size-full is-resized eplus-wrapper\"><img loading=\"lazy\" decoding=\"async\" width=\"480\" height=\"242\" src=\"https:\/\/www.forte-cultura.network\/wp-content\/uploads\/2026\/04\/fortmed-e1777476360333.jpg\" alt=\"\" class=\"wp-image-5464\" style=\"aspect-ratio:1.9835718519773053;width:872px;height:auto\" srcset=\"https:\/\/www.forte-cultura.network\/wp-content\/uploads\/2026\/04\/fortmed-e1777476360333.jpg 480w, https:\/\/www.forte-cultura.network\/wp-content\/uploads\/2026\/04\/fortmed-e1777476360333-300x151.jpg 300w, https:\/\/www.forte-cultura.network\/wp-content\/uploads\/2026\/04\/fortmed-e1777476360333-18x9.jpg 18w\" sizes=\"auto, (max-width: 480px) 100vw, 480px\" \/><\/figure>\n\n\n<div  class=\"tribe-events-schedule tribe-clearfix\" >\n\t<p class=\"tribe-events-schedule__datetime\">\n\t\t<span class=\"tribe-events-schedule__date tribe-events-schedule__date--start\">\n\t\t\t15. Aprile 2027\t\t<\/span>\n\n\t\t\t\t\t<span class=\"tribe-events-schedule__separator tribe-events-schedule__separator--date\">\n\t\t\t\t @ \t\t\t<\/span>\n\t\t\t<span class=\"tribe-events-schedule__time tribe-events-schedule__time--start\">\n\t\t\t\t8:00\t\t\t<\/span>\n\t\t\n\t\t\t\t\t\t\t\t\t<span class=\"tribe-events-schedule__separator tribe-events-schedule__separator--time\">\n\t\t\t\t\t \u2013 \t\t\t\t<\/span>\n\t\t\t\n\t\t\t\t\t\t\t<span class=\"tribe-events-schedule__date tribe-events-schedule__date--end\">\n\t\t\t\t\t17. Aprile 2027\t\t\t\t<\/span>\n\n\t\t\t\t\t\t\t\t\t<span class=\"tribe-events-schedule__separator tribe-events-schedule__separator--date\">\n\t\t\t\t\t\t @ \t\t\t\t\t<\/span>\n\t\t\t\t\t<span class=\"tribe-events-schedule__time tribe-events-schedule__time--end\">\n\t\t\t\t\t\t17:00\t\t\t\t\t<\/span>\n\t\t\t\t\n\t\t\t\n\t\t\t\t\t\t\t<span class=\"tribe-events-schedule__timezone\">CEST<\/span>\n\t\t\t\t\t\t<\/p>\n<\/div>\n\n\n\n<p class=\"eplus-wrapper\"><\/p>\n\n\n\n<p class=\"eplus-wrapper\"><strong>International Conference \u2013 April 15th, 16th, 17th, 2027<\/strong><br><em>Universitat Polit\u00e8cnica de Val\u00e8ncia, Spain<\/em><\/p>\n\n\n\n<p class=\"eplus-wrapper\"><strong>FORMAZIONE<\/strong> is an International Conference dedicated to the study, analysis, and dissemination of Mediterranean fortifications, as well as those developed in overseas territories (Cuba, Puerto Rico, the Philippines, Panama, Peru, etc.), as a result of the expansion of construction models, defensive strategies, and technical knowledge.<\/p>\n\n\n\n<p class=\"eplus-wrapper\">The main objective of FORTMED is to stimulate the exchange of current research and to promote the sharing of results in order to contribute to a better understanding, valorisation, conservation, management, and sustainable use of fortified Cultural Heritage. In this context, the dissemination of research outcomes plays a fundamental role.<\/p>\n\n\n\n<p class=\"eplus-wrapper\">The conference adopts an interdisciplinary approach, bringing together architects, building engineers, engineers, archaeologists, historians, geographers, geologists, cartographers, experts in design, restoration and architectural history, as well as specialists in cultural heritage tourism, communication, and heritage management. The aim is to foster the development of a collaborative, integrated, and up-to-date perspective that advances research in this field to the highest level.<\/p>\n\n\n\n<p class=\"eplus-wrapper\">On the occasion of this 10th edition, FORTMED will be held in Valencia, April 15th, 16th and 17th 2027 at the Escuela T\u00e9cnica Superior de Ingenier\u00eda de Edificaci\u00f3n of the Universitat Polit\u00e8cnica de Val\u00e8ncia (Spain).<\/p>\n\n\n\n<h2 class=\"wp-block-heading eplus-wrapper\"><strong>Main Publication<\/strong><\/h2>\n\n\n\n<p class=\"eplus-wrapper\">The main publication of FORTMED is the series <strong>DEFENSIVE ARCHITECTURE OF THE MEDITERRANEAN<\/strong>, which currently comprises 24 volumes gathering the contributions selected by the Scientific Committee through a double-blind peer review process in the different editions of the Conference.<\/p>\n\n\n\n<p class=\"eplus-wrapper\">The series is published in open access under a Creative Commons CC BY-NC-SA 4.0 license (ISSN 2792-5633).<\/p>\n\n\n\n<h2 class=\"wp-block-heading eplus-wrapper\"><strong>Thematic Areas<\/strong><\/h2>\n\n\n\n<p class=\"eplus-wrapper\"><strong>Topic 1. Historical and Documentary Research<\/strong><br>Historical cartography. Archives. Treatises. History of construction techniques. Biographies (Maqueda, Antonelli, Vespasiano Gonzaga, Acu\u00f1a, Barbarroja, Escriv\u00e1, Fratin, Cerme\u00f1o, etc.).<\/p>\n\n\n\n<p class=\"eplus-wrapper\"><strong>Topic 2. Theoretical Concepts<\/strong><br>Military engineering. Trace italienne and early modern defensive systems. New concepts. New forms of territorial defence. The construction of \u201cdefensive shields\u201d. Artillery. Utopian projects.<\/p>\n\n\n\n<p class=\"eplus-wrapper\"><strong>Topic 3. Research on Built Heritage<\/strong><br>Architectural heritage. Studies, knowledge, and dissemination. Castles, towers, fortresses, bunkers, batteries, etc. Preliminary studies. Maintenance and conservation interventions in architectural heritage.<\/p>\n\n\n\n<p class=\"eplus-wrapper\"><strong>Topic 4. Geomaterial Characterisation<\/strong><br>Mineralogical, geochemical, and physical analysis. Study of decay processes. Archaeometric research (historical and conservation-oriented). Restoration proposals. Relationships between the physical and technical properties of construction materials and their use: differences and similarities across the Mediterranean.<\/p>\n\n\n\n<p class=\"eplus-wrapper\"><strong>Topic 5. Digital Heritage<\/strong><br>Digital surveying, from 3D laser scanning to terrestrial and aerial photogrammetry. Advanced 3D modelling. Evolution of graphic representation. Digital reconstructions. Virtual reality and augmented reality.<\/p>\n\n\n\n<p class=\"eplus-wrapper\"><strong>Topic 6. Cultural Heritage and Management<\/strong><br>Cultural landscapes. Participatory management systems. Cultural management and tourism. Interpretation and valorisation of heritage assets.<\/p>\n\n\n\n<p class=\"eplus-wrapper\"><strong>Topic 7. Miscellany<\/strong><br>A collection of topics not included in the previous areas but relevant to the main theme of the Conference.<\/p>\n\n\n\n<p class=\"eplus-wrapper\">\ud83d\udd17 <a href=\"https:\/\/www.fortmed.eu\/\">https:\/\/www.fortmed.eu<\/a><\/p>\n\n\n\n<h1 class=\"wp-block-heading eplus-wrapper\"><strong>FORTIFICAZIONI DELLA COSTA MEDITERRANEA<\/strong><\/h1>\n\n\n\n<p class=\"eplus-wrapper\"><strong>International Conference \u2013 April 15th, 16th, 17th, 2027<\/strong><br><em>Universitat Polit\u00e8cnica de Val\u00e8ncia, Spain<\/em><\/p>\n\n\n\n<p class=\"eplus-wrapper\">The Organising Committee of <strong>FORTMED 2027_Valencia<\/strong> invites all academics and professionals interested in the debate on <strong>MEDITERRANEAN FORTIFICATIONS<\/strong> to submit their contributions to the Conference.<\/p>\n\n\n\n<h2 class=\"wp-block-heading eplus-wrapper\"><strong>Submission Process<\/strong><\/h2>\n\n\n\n<p class=\"eplus-wrapper\">Participation takes place in two phases, each subject to review:<\/p>\n\n\n<ul class=\"wp-block-list eplus-wrapper eplus-styles-uid-615f67\">\n<li class=\"eplus-wrapper\"><strong>Phase I:<\/strong> submission of an abstract<\/li>\n\n\n\n<li class=\"eplus-wrapper\"><strong>Phase II:<\/strong> preparation of a full paper or short paper<\/li>\n<\/ul>\n\n\n<h2 class=\"wp-block-heading eplus-wrapper\"><strong>Publication<\/strong><\/h2>\n\n\n\n<p class=\"eplus-wrapper\">All papers submitted to the 2027 edition and accepted following a double-blind peer review process will be published in the Conference Proceedings (with ISBN) and will form part of the series <em>Defensive Architecture of the Mediterranean<\/em> (ISSN: 2792-5633).<\/p>\n\n\n\n<p class=\"eplus-wrapper\">FORTMED publishes all accepted papers in both print and digital formats (open access).<\/p>\n\n\n\n<h2 class=\"wp-block-heading eplus-wrapper\"><strong>Fees and Conditions<\/strong><\/h2>\n\n\n<ul class=\"wp-block-list eplus-wrapper eplus-styles-uid-b9fef0\">\n<li class=\"eplus-wrapper\">The inclusion of papers in the publication is subject to the payment of the early or standard registration fee by at least one of the authors.<\/li>\n\n\n\n<li class=\"eplus-wrapper\">Conference registration includes the publication of the paper in the digital edition.<\/li>\n\n\n\n<li class=\"eplus-wrapper\">If the printed version of the Proceedings is requested, its additional cost must be paid together with the registration fee, as specified in the Registration Fees section.<\/li>\n<\/ul>\n\n\n<h2 class=\"wp-block-heading eplus-wrapper\"><strong>Important Notice<\/strong><\/h2>\n\n\n\n<p class=\"eplus-wrapper\">Papers submitted after the deadline will <strong>NOT<\/strong> be included in the Conference Proceedings.<br>Likewise, late registrations will not allow the inclusion of papers in the final publication.<\/p>\n\n\n<div  class=\"tribe-block tribe-block__event-price\" >\n\t\t<\/div>\n\n\n\n\n<div  class=\"tribe-block tribe-block__venue tribe-clearfix\" >\n\t\n\t\t\n\t<\/div>\n\n\n\n\n\t<div  class=\"tribe-block tribe-block__events-link\" >\n\t\t<div class=\"tribe-events tribe-common\">\n\t\t\t<div class=\"tribe-events-c-subscribe-dropdown__container\">\n\t\t\t\t<div class=\"tribe-events-c-subscribe-dropdown\">\n\t\t\t\t\t<div class=\"tribe-common-c-btn-border tribe-events-c-subscribe-dropdown__button\">\n\t\t\t\t\t\t<svg\n\t class=\"tribe-common-c-svgicon tribe-common-c-svgicon--cal-export tribe-events-c-subscribe-dropdown__export-icon\" \taria-hidden=\"true\"\n\tviewbox=\"0 0 23 17\"\n\txmlns=\"http:\/\/www.w3.org\/2000\/svg\"\n>\n\t<path fill-rule=\"evenodd\" clip-rule=\"evenodd\" d=\"M.128.896V16.13c0 .211.145.383.323.383h15.354c.179 0 .323-.172.323-.383V.896c0-.212-.144-.383-.323-.383H.451C.273.513.128.684.128.896Zm16 6.742h-.901V4.679H1.009v10.729h14.218v-3.336h.901V7.638ZM1.01 1.614h14.218v2.058H1.009V1.614Z\" \/>\n\t<path d=\"M20.5 9.846H8.312M18.524 6.953l2.89 2.909-2.855 2.855\" stroke-width=\"1.2\" stroke-linecap=\"round\" stroke-linejoin=\"round\"\/>\n<\/svg>\n\t\t\t\t\t\t<button\n\t\t\t\t\t\t\tclass=\"tribe-events-c-subscribe-dropdown__button-text\"\n\t\t\t\t\t\t\taria-expanded=\"false\"\n\t\t\t\t\t\t\taria-controls=\"tribe-events-subscribe-dropdown-content\"\n\t\t\t\t\t\t\taria-label=\"Visualizza i link per aggiungere eventi al tuo calendario\"\n\t\t\t\t\t\t>\n\t\t\t\t\t\t\tSalva nel tuo calendario\t\t\t\t\t\t<\/button>\n\t\t\t\t\t\t<svg\n\t class=\"tribe-common-c-svgicon tribe-common-c-svgicon--caret-down tribe-events-c-subscribe-dropdown__button-icon\" \taria-hidden=\"true\"\n\tviewbox=\"0 0 10 7\"\n\txmlns=\"http:\/\/www.w3.org\/2000\/svg\"\n>\n\t<path fill-rule=\"evenodd\" clip-rule=\"evenodd\" d=\"M1.008.609L5 4.6 8.992.61l.958.958L5 6.517.05 1.566l.958-.958z\" class=\"tribe-common-c-svgicon__svg-fill\"\/>\n<\/svg>\n\t\t\t\t\t<\/div>\n\t\t\t\t\t<div id=\"tribe-events-subscribe-dropdown-content\" class=\"tribe-events-c-subscribe-dropdown__content\">\n\t\t\t\t\t\t<ul class=\"tribe-events-c-subscribe-dropdown__list\">\n\t\t\t\t\t\t\t\t\t\t\t\t\t\t\t<li class=\"tribe-events-c-subscribe-dropdown__list-item tribe-events-c-subscribe-dropdown__list-item--gcal\">\n\t\t\t\t\t\t\t\t\t<a\n\t\t\t\t\t\t\t\t\t\thref=\"https:\/\/www.google.com\/calendar\/event?action=TEMPLATE&#038;dates=20270415T080000\/20270417T170000&#038;text=FORTIFICATIONS%20OF%20THE%20MEDITERRANEAN%20COAST&#038;details=%3Cfigure+class%3D%22+wp-block-image+size-full+is-resized+eplus-wrapper%22%3E%3Cimg+src%3D%22https%3A%2F%2Fwww.forte-cultura.network%2Fwp-content%2Fuploads%2F2026%2F04%2Ffortmed-e1777476360333.jpg%22+alt%3D%22%22+class%3D%22wp-image-5464%22+style%3D%22aspect-ratio%3A1.9835718519773053%3Bwidth%3A872px%3Bheight%3Aauto%22%2F%3E%3C%2Ffigure%3E%3Cp+class%3D%22+eplus-wrapper%22%3E%3C%2Fp%3E+%3Cp+class%3D%22+eplus-wrapper%22%3E%3Cstrong%3EInternational+Conference+%E2%80%93+April+15th%2C+16th%2C+17th%2C+2027%3C%2Fstrong%3E%3Cbr+%2F%3E%3Cem%3EUniversitat+Polit%C3%A8cnica+de+Val%C3%A8ncia%2C+Spain%3C%2Fem%3E%3C%2Fp%3E+%3Cp+class%3D%22+eplus-wrapper%22%3E%3Cstrong%3EFORTMED%3C%2Fstrong%3E+is+an+International+Conference+dedicated+to+the+study%2C+analysis%2C+and+dissemination+of+Mediterranean+fortifications%2C+as+well+as+those+developed+in+overseas+territories+%28Cuba%2C+Puerto+Rico%2C+the+Philippines%2C+Panama%2C+Peru%2C+etc.%29%2C+as+a+result+of+the+expansion+of+construction+models%2C+defensive+strategies%2C+and+technical+knowledge.%3C%2Fp%3E+%3Cp+class%3D%22+eplus-wrapper%22%3EThe+main+objective+of+FORTMED+is+to+stimulate+the+exchange+of+current+research+and+to+promote+the+sharing+of+%3C%2Fp%3E+%28View+Full+evento+Description+Here%3A+https%3A%2F%2Fwww.forte-cultura.network%2Fit%2Fevent%2Ffortifications-of-the-mediterranean-coast%2F%29&#038;trp=false&#038;ctz=Europe\/Berlin&#038;sprop=website:https:\/\/www.forte-cultura.network\/it\"\n\t\t\t\t\t\t\t\t\t\tclass=\"tribe-events-c-subscribe-dropdown__list-item-link\"\n\t\t\t\t\t\t\t\t\t\ttarget=\"_blank\"\n\t\t\t\t\t\t\t\t\t\trel=\"noopener noreferrer nofollow noindex\"\n\t\t\t\t\t\t\t\t\t>\n\t\t\t\t\t\t\t\t\t\tCalendario di Google\t\t\t\t\t\t\t\t\t<\/a>\n\t\t\t\t\t\t\t\t<\/li>\n\t\t\t\t\t\t\t\t\t\t\t\t\t\t\t<li class=\"tribe-events-c-subscribe-dropdown__list-item tribe-events-c-subscribe-dropdown__list-item--ical\">\n\t\t\t\t\t\t\t\t\t<a\n\t\t\t\t\t\t\t\t\t\thref=\"\"\n\t\t\t\t\t\t\t\t\t\tclass=\"tribe-events-c-subscribe-dropdown__list-item-link\"\n\t\t\t\t\t\t\t\t\t\ttarget=\"_blank\"\n\t\t\t\t\t\t\t\t\t\trel=\"noopener noreferrer nofollow noindex\"\n\t\t\t\t\t\t\t\t\t>\n\t\t\t\t\t\t\t\t\t\tiCalendario\t\t\t\t\t\t\t\t\t<\/a>\n\t\t\t\t\t\t\t\t<\/li>\n\t\t\t\t\t\t\t\t\t\t\t\t\t\t\t<li class=\"tribe-events-c-subscribe-dropdown__list-item tribe-events-c-subscribe-dropdown__list-item--outlook-365\">\n\t\t\t\t\t\t\t\t\t<a\n\t\t\t\t\t\t\t\t\t\thref=\"\"\n\t\t\t\t\t\t\t\t\t\tclass=\"tribe-events-c-subscribe-dropdown__list-item-link\"\n\t\t\t\t\t\t\t\t\t\ttarget=\"_blank\"\n\t\t\t\t\t\t\t\t\t\trel=\"noopener noreferrer nofollow noindex\"\n\t\t\t\t\t\t\t\t\t>\n\t\t\t\t\t\t\t\t\t\tOutlook 365\t\t\t\t\t\t\t\t\t<\/a>\n\t\t\t\t\t\t\t\t<\/li>\n\t\t\t\t\t\t\t\t\t\t\t\t\t\t\t<li class=\"tribe-events-c-subscribe-dropdown__list-item tribe-events-c-subscribe-dropdown__list-item--outlook-live\">\n\t\t\t\t\t\t\t\t\t<a\n\t\t\t\t\t\t\t\t\t\thref=\"\"\n\t\t\t\t\t\t\t\t\t\tclass=\"tribe-events-c-subscribe-dropdown__list-item-link\"\n\t\t\t\t\t\t\t\t\t\ttarget=\"_blank\"\n\t\t\t\t\t\t\t\t\t\trel=\"noopener noreferrer nofollow noindex\"\n\t\t\t\t\t\t\t\t\t>\n\t\t\t\t\t\t\t\t\t\tOutlook Live\t\t\t\t\t\t\t\t\t<\/a>\n\t\t\t\t\t\t\t\t<\/li>\n\t\t\t\t\t\t\t\t\t\t\t\t\t<\/ul>\n\t\t\t\t\t<\/div>\n\t\t\t\t<\/div>\n\t\t\t<\/div>\n\t\t<\/div>\n\t<\/div>","protected":false},"excerpt":{"rendered":"<p>FORTMED is an International Conference dedicated to the study, analysis, and dissemination of Mediterranean fortifications, as well as those developed in overseas territories (Cuba, Puerto Rico, the Philippines, Panama, Peru, etc.), as a result of the expansion of construction models, defensive strategies, and technical knowledge.<\/p>","protected":false},"author":3,"featured_media":5464,"template":"","meta":{"editor_plus_copied_stylings":"{}","pgc_sgb_lightbox_settings":"","_price":"","_stock":"","_tribe_ticket_header":"","_tribe_default_ticket_provider":"","_tribe_ticket_capacity":"","_ticket_start_date":"","_ticket_end_date":"","_tribe_ticket_show_description":"","_tribe_ticket_show_not_going":false,"_tribe_ticket_use_global_stock":"","_tribe_ticket_global_stock_level":"","_global_stock_mode":"","_global_stock_cap":"","_tribe_rsvp_for_event":"","_tribe_ticket_going_count":"","_tribe_ticket_not_going_count":"","_tribe_tickets_list":"[]","_tribe_ticket_has_attendee_info_fields":false,"_EventAllDay":false,"_EventTimezone":"Europe\/Berlin","_EventStartDate":"2027-04-15 08:00:00","_EventEndDate":"2027-04-17 17:00:00","_EventStartDateUTC":"2027-04-15 06:00:00","_EventEndDateUTC":"2027-04-17 15:00:00","_EventShowMap":false,"_EventShowMapLink":false,"_EventURL":"","_EventCost":"","_EventCostDescription":"","_EventCurrencySymbol":"\u20ac","_EventCurrencyCode":"EUR","_EventCurrencyPosition":"prefix","_EventDateTimeSeparator":" @ ","_EventTimeRangeSeparator":" - ","_EventOrganizerID":[],"_EventVenueID":[],"_OrganizerEmail":"","_OrganizerPhone":"","_OrganizerWebsite":"","_VenueAddress":"","_VenueCity":"","_VenueCountry":"","_VenueProvince":"","_VenueState":"","_VenueZip":"","_VenuePhone":"","_VenueURL":"","_VenueStateProvince":"","_VenueLat":"","_VenueLng":"","_VenueShowMap":false,"_VenueShowMapLink":false,"_tribe_events_status":"","_tribe_events_status_reason":"","footnotes":"","_tec_slr_enabled":"","_tec_slr_layout":""},"tags":[],"tribe_events_cat":[19],"class_list":["post-5462","tribe_events","type-tribe_events","status-publish","has-post-thumbnail","hentry","tribe_events_cat-conferences-2","cat_conferences-2"],"ticketed":false,"_links":{"self":[{"href":"https:\/\/www.forte-cultura.network\/it\/wp-json\/wp\/v2\/tribe_events\/5462","targetHints":{"allow":["GET"]}}],"collection":[{"href":"https:\/\/www.forte-cultura.network\/it\/wp-json\/wp\/v2\/tribe_events"}],"about":[{"href":"https:\/\/www.forte-cultura.network\/it\/wp-json\/wp\/v2\/types\/tribe_events"}],"author":[{"embeddable":true,"href":"https:\/\/www.forte-cultura.network\/it\/wp-json\/wp\/v2\/users\/3"}],"version-history":[{"count":4,"href":"https:\/\/www.forte-cultura.network\/it\/wp-json\/wp\/v2\/tribe_events\/5462\/revisions"}],"predecessor-version":[{"id":5469,"href":"https:\/\/www.forte-cultura.network\/it\/wp-json\/wp\/v2\/tribe_events\/5462\/revisions\/5469"}],"wp:featuredmedia":[{"embeddable":true,"href":"https:\/\/www.forte-cultura.network\/it\/wp-json\/wp\/v2\/media\/5464"}],"wp:attachment":[{"href":"https:\/\/www.forte-cultura.network\/it\/wp-json\/wp\/v2\/media?parent=5462"}],"wp:term":[{"taxonomy":"post_tag","embeddable":true,"href":"https:\/\/www.forte-cultura.network\/it\/wp-json\/wp\/v2\/tags?post=5462"},{"taxonomy":"tribe_events_cat","embeddable":true,"href":"https:\/\/www.forte-cultura.network\/it\/wp-json\/wp\/v2\/tribe_events_cat?post=5462"}],"curies":[{"name":"wp","href":"https:\/\/api.w.org\/{rel}","templated":true}]}}