{"id":2021,"date":"2025-03-31T12:43:15","date_gmt":"2025-03-31T10:43:15","guid":{"rendered":"https:\/\/www.forte-cultura.network\/?page_id=2021"},"modified":"2026-03-14T11:53:54","modified_gmt":"2026-03-14T10:53:54","slug":"forte-cultura-partner","status":"publish","type":"page","link":"https:\/\/www.forte-cultura.network\/pl\/organisation\/forte-cultura-partner\/","title":{"rendered":"FORTE CULTURA Partner"},"content":{"rendered":"<p style=\"margin-bottom:var(--wp--preset--spacing--50)\" class=\"eplus-wrapper\">Si\u0142a sieci FORTE CULTURA opiera si\u0119 na indywidualnych mocnych stronach i sp\u00f3jno\u015bci jej cz\u0142onk\u00f3w i partner\u00f3w FORTE CULTURA. FORTE CULTURA jest cz\u0142onkiem EFFORTS i wraz z innymi partnerami, takimi jak inne szlaki kulturowe, instytucje lub fundacje, osi\u0105gamy trwa\u0142e rezultaty we wspieraniu europejskiego dziedzictwa fortecznego.<\/p>\n\n\n<h2 class=\"wp-block-heading eplus-wrapper eplus-styles-uid-677210\"><em>Razem silni<\/em><\/h2>\n\n\n<hr class=\"is-style-wide wp-block-separator alignwide has-text-color has-contrast-3-color has-alpha-channel-opacity has-contrast-3-background-color has-background eplus-wrapper\" style=\"margin-top:var(--wp--preset--spacing--20);margin-bottom:var(--wp--preset--spacing--20)\"\/>\n\n\n<div class=\"wp-block-columns alignwide eplus-wrapper is-layout-flex wp-container-core-columns-is-layout-28f84493 wp-block-columns-is-layout-flex eplus-styles-uid-6ebea3\">\n<div class=\"wp-block-column eplus-wrapper is-layout-flow wp-block-column-is-layout-flow\"><div class=\"wp-block-columns are-vertically-aligned-center is-not-stacked-on-mobile eplus-wrapper is-layout-flex wp-container-core-columns-is-layout-48c8412d wp-block-columns-is-layout-flex eplus-styles-uid-183ce4\" style=\"margin-top:0;margin-bottom:0\">\n<div class=\"wp-block-column is-vertically-aligned-center eplus-wrapper is-layout-flow wp-container-core-column-is-layout-8628b9b1 wp-block-column-is-layout-flow\" style=\"padding-top:var(--wp--preset--spacing--10);padding-right:var(--wp--preset--spacing--10);padding-bottom:var(--wp--preset--spacing--10);padding-left:var(--wp--preset--spacing--10);line-height:1.4;flex-basis:85%\">\n<p class=\"has-medium-font-size eplus-wrapper\"><a href=\"https:\/\/www.efforts-europe.eu\/\" target=\"_blank\" rel=\"noreferrer noopener\">EFFORTS (Europejska Federacja Miejsc Umocnionych)<\/a> to europejska sie\u0107 fortec i organizacji fortecznych z siedzib\u0105 w Brukseli. Wspiera i promuje dziedzictwo kulturowe zabytk\u00f3w fortecznych oraz prowadzi dzia\u0142ania lobbingowe w UE na rzecz europejskiego dziedzictwa fortecznego. FORTE CULTURA e.V. jest cz\u0142onkiem EFFORTS Europe<\/p>\n<\/div>\n\n\n\n<div class=\"wp-block-column is-vertically-aligned-center eplus-wrapper is-layout-flow wp-block-column-is-layout-flow\" style=\"padding-top:var(--wp--preset--spacing--10);padding-right:0;padding-bottom:var(--wp--preset--spacing--10);padding-left:0;flex-basis:10%\">\n<figure class=\"wp-block-image aligncenter size-full is-resized eplus-wrapper\"><a href=\"https:\/\/www.efforts-europe.eu\/\" target=\"_blank\" rel=\"noreferrer noopener\"><img loading=\"lazy\" decoding=\"async\" width=\"252\" height=\"216\" src=\"https:\/\/www.forte-cultura.network\/wp-content\/uploads\/2023\/12\/logo_efforts.jpg\" alt=\"\" class=\"wp-image-82\" style=\"width:136px;height:auto\" srcset=\"https:\/\/www.forte-cultura.network\/wp-content\/uploads\/2023\/12\/logo_efforts.jpg 252w, https:\/\/www.forte-cultura.network\/wp-content\/uploads\/2023\/12\/logo_efforts-14x12.jpg 14w\" sizes=\"auto, (max-width: 252px) 100vw, 252px\" \/><\/a><\/figure>\n<\/div>\n<\/div><\/div>\n<\/div>\n\n\n<hr class=\"is-style-wide wp-block-separator alignwide has-text-color has-contrast-3-color has-alpha-channel-opacity has-contrast-3-background-color has-background eplus-wrapper\" style=\"margin-top:var(--wp--preset--spacing--20);margin-bottom:var(--wp--preset--spacing--20)\"\/>\n\n\n<div class=\"wp-block-columns alignwide eplus-wrapper is-layout-flex wp-container-core-columns-is-layout-28f84493 wp-block-columns-is-layout-flex eplus-styles-uid-f62137\">\n<div class=\"wp-block-column eplus-wrapper is-layout-flow wp-block-column-is-layout-flow\"><figure class=\"wp-block-image alignleft size-full eplus-wrapper eplus-styles-uid-60e590\"><img loading=\"lazy\" decoding=\"async\" width=\"306\" height=\"107\" src=\"https:\/\/www.forte-cultura.network\/wp-content\/uploads\/2023\/12\/ADT.png\" alt=\"\" class=\"wp-image-564\" srcset=\"https:\/\/www.forte-cultura.network\/wp-content\/uploads\/2023\/12\/ADT.png 306w, https:\/\/www.forte-cultura.network\/wp-content\/uploads\/2023\/12\/ADT-300x105.png 300w, https:\/\/www.forte-cultura.network\/wp-content\/uploads\/2023\/12\/ADT-18x6.png 18w\" sizes=\"auto, (max-width: 306px) 100vw, 306px\" \/><\/figure>\n\n\n<p class=\"has-medium-font-size eplus-wrapper\">Alsace Destination Tourisme (AD) jest agencj\u0105 turystyczn\u0105 Wsp\u00f3lnoty Europejskiej Alzacji i jest odpowiedzialna za rozw\u00f3j i promocj\u0119 turystyki, zw\u0142aszcza we wsp\u00f3\u0142pracy transgranicznej. Ze wzgl\u0119du na burzliw\u0105 francusk\u0105 i niemieck\u0105 histori\u0119 Alzacji, w regionie znajduje si\u0119 wiele ufortyfikowanych zabytk\u00f3w. Wsp\u00f3lnie z FORTE CULTURA, ADT chcia\u0142oby jeszcze bardziej wzmocni\u0107 to dziedzictwo kulturowe i w zr\u00f3wnowa\u017cony spos\u00f3b rozszerzy\u0107 i tak ju\u017c liczne oferty turystyczne. ADT jest r\u00f3wnie\u017c wa\u017cnym partnerem klastra fortec FORTE CULTURA w regionie G\u00f3rnego Renu. ADT jest cz\u0142onkiem FORTE CULTURA od wrze\u015bnia 2022 roku. <a href=\"https:\/\/www.alsace-destination-tourisme.com\/\" target=\"_blank\" rel=\"noreferrer noopener\">www.alsace-destination-tourisme.com<\/a><\/p>\n<\/div>\n<\/div>\n\n\n<hr class=\"is-style-wide wp-block-separator alignwide has-text-color has-contrast-3-color has-alpha-channel-opacity has-contrast-3-background-color has-background eplus-wrapper\" style=\"margin-top:var(--wp--preset--spacing--20);margin-bottom:var(--wp--preset--spacing--20)\"\/>\n\n\n<div class=\"wp-block-columns alignwide eplus-wrapper is-layout-flex wp-container-core-columns-is-layout-28f84493 wp-block-columns-is-layout-flex eplus-styles-uid-5f386c\">\n<div class=\"wp-block-column eplus-wrapper is-layout-flow wp-block-column-is-layout-flow\"><figure class=\"wp-block-image alignleft size-full is-resized eplus-wrapper eplus-styles-uid-60e590\"><img loading=\"lazy\" decoding=\"async\" width=\"356\" height=\"141\" src=\"https:\/\/www.forte-cultura.network\/wp-content\/uploads\/2023\/12\/logo_LRE.jpg\" alt=\"\" class=\"wp-image-565\" style=\"width:306px;height:auto\" srcset=\"https:\/\/www.forte-cultura.network\/wp-content\/uploads\/2023\/12\/logo_LRE.jpg 356w, https:\/\/www.forte-cultura.network\/wp-content\/uploads\/2023\/12\/logo_LRE-300x119.jpg 300w, https:\/\/www.forte-cultura.network\/wp-content\/uploads\/2023\/12\/logo_LRE-18x7.jpg 18w\" sizes=\"auto, (max-width: 356px) 100vw, 356px\" \/><\/figure>\n\n\n<p class=\"eplus-wrapper\">Zabytki forteczne i II wojna \u015bwiatowa maj\u0105 r\u00f3wnie\u017c wiele punkt\u00f3w stycznych. Europejski szlak kulturowy \"Liberation Route Europe\", certyfikowany przez Rad\u0119 Europy w 2019 r., prowadzi szlakami pami\u0119ci do historycznych miejsc II wojny \u015bwiatowej w Europie. FORTE CULTURA i Szlak Wyzwolenia wsp\u00f3\u0142pracuj\u0105 na r\u00f3\u017cnych poziomach od ko\u0144ca 2019 roku. <a href=\"https:\/\/liberationroute.de\/\" target=\"_blank\" rel=\"noreferrer noopener\">www.liberationroute.de<\/a><\/p>\n<\/div>\n<\/div>\n\n\n<hr class=\"is-style-wide wp-block-separator alignwide has-text-color has-contrast-3-color has-alpha-channel-opacity has-contrast-3-background-color has-background eplus-wrapper\" style=\"margin-top:var(--wp--preset--spacing--20);margin-bottom:var(--wp--preset--spacing--20)\"\/>\n\n\n<div class=\"wp-block-columns alignwide eplus-wrapper is-layout-flex wp-container-core-columns-is-layout-28f84493 wp-block-columns-is-layout-flex eplus-styles-uid-c01e04\">\n<div class=\"wp-block-column eplus-wrapper is-layout-flow wp-block-column-is-layout-flow\"><figure class=\"wp-block-image alignleft size-full is-resized eplus-wrapper eplus-styles-uid-60e590\"><img loading=\"lazy\" decoding=\"async\" width=\"600\" height=\"195\" src=\"https:\/\/www.forte-cultura.network\/wp-content\/uploads\/2024\/12\/FSG-logo.jpg\" alt=\"\" class=\"wp-image-1731\" style=\"width:304px;height:auto\" srcset=\"https:\/\/www.forte-cultura.network\/wp-content\/uploads\/2024\/12\/FSG-logo.jpg 600w, https:\/\/www.forte-cultura.network\/wp-content\/uploads\/2024\/12\/FSG-logo-300x98.jpg 300w, https:\/\/www.forte-cultura.network\/wp-content\/uploads\/2024\/12\/FSG-logo-18x6.jpg 18w\" sizes=\"auto, (max-width: 600px) 100vw, 600px\" \/><\/figure>\n\n\n<p class=\"eplus-wrapper\">CIO (FSG) zosta\u0142a za\u0142o\u017cona w Wielkiej Brytanii w 1975 r. i jest zarejestrowan\u0105 organizacj\u0105 charytatywn\u0105 zajmuj\u0105c\u0105 si\u0119 badaniem i konserwacj\u0105 fortyfikacji z epoki artylerii (ok. 1500 r. n.e. i p\u00f3\u017aniej). W 2024 r. FSG i FORTE CULTURA rozpocz\u0119\u0142y wsp\u00f3\u0142prac\u0119, aby osi\u0105gn\u0105\u0107 wsp\u00f3lne cele maj\u0105ce pozytywny wp\u0142yw na dziedzictwo fortyfikacyjne. W szczeg\u00f3lno\u015bci wyniki bada\u0144 nad fortyfikacjami s\u0105 publikowane w regularnych publikacjach FSG \"FORT\" i \"Casemate\", kt\u00f3re s\u0105 szeroko czytane i dystrybuowane do bibliotek akademickich na ca\u0142ym \u015bwiecie. Od czasu pandemii koronawirusa FSG oferuje r\u00f3wnie\u017c obszerny program webinari\u00f3w. <a href=\"https:\/\/www.fortressstudygroup.org\/\" target=\"_blank\" rel=\"noreferrer noopener\">www.fortressstudygroup.org<\/a><\/p>\n<\/div>\n<\/div>\n\n\n<hr class=\"is-style-wide wp-block-separator alignwide has-text-color has-contrast-3-color has-alpha-channel-opacity has-contrast-3-background-color has-background eplus-wrapper\" style=\"margin-top:var(--wp--preset--spacing--20);margin-bottom:var(--wp--preset--spacing--20)\"\/>\n\n\n<div class=\"wp-block-columns alignwide eplus-wrapper is-layout-flex wp-container-core-columns-is-layout-28f84493 wp-block-columns-is-layout-flex eplus-styles-uid-4a59a6\">\n<div class=\"wp-block-column eplus-wrapper is-layout-flow wp-block-column-is-layout-flow\"><figure class=\"wp-block-image alignright size-full is-resized eplus-wrapper eplus-styles-uid-60e590\"><img loading=\"lazy\" decoding=\"async\" width=\"228\" height=\"221\" src=\"https:\/\/www.forte-cultura.network\/wp-content\/uploads\/2023\/12\/Logo_routesofrefomation-1.jpg\" alt=\"\" class=\"wp-image-566\" style=\"width:144px;height:auto\" srcset=\"https:\/\/www.forte-cultura.network\/wp-content\/uploads\/2023\/12\/Logo_routesofrefomation-1.jpg 228w, https:\/\/www.forte-cultura.network\/wp-content\/uploads\/2023\/12\/Logo_routesofrefomation-1-12x12.jpg 12w\" sizes=\"auto, (max-width: 228px) 100vw, 228px\" \/><\/figure>\n\n\n<p class=\"eplus-wrapper\">Europejski Szlak Reformacji reprezentuje er\u0119 reformacji, kt\u00f3ra by\u0142a znacz\u0105ca w historii \u015bwiata. Istnieje tu wiele punkt\u00f3w stycznych z nowoczesn\u0105 konstrukcj\u0105 twierdzy, a oba te elementy wp\u0142yn\u0119\u0142y na siebie nawzajem.<\/p>\n\n\n\n<p class=\"eplus-wrapper\">W maju 2020 r. FORTE CULTURA e.V. i Europejski Szlak Reformacji podpisa\u0142y umow\u0119 o wsp\u00f3\u0142pracy w celu zbadania synergii i opracowania impuls\u00f3w do kulturalno-turystycznej, spo\u0142ecznej i gospodarczej waloryzacji dziedzictwa kulturowego reformacji i architektury fortecznej. <a href=\"https:\/\/reformationroutes.eu\/\" target=\"_blank\" rel=\"noreferrer noopener\">www.reformationroutes.eu<\/a><\/p>\n<\/div>\n<\/div>\n\n\n<hr class=\"is-style-wide wp-block-separator alignwide has-text-color has-contrast-3-color has-alpha-channel-opacity has-contrast-3-background-color has-background eplus-wrapper\" style=\"margin-top:var(--wp--preset--spacing--20);margin-bottom:var(--wp--preset--spacing--20)\"\/>\n\n\n\n<div class=\"wp-block-kadence-spacer aligncenter kt-block-spacer-2021_b7d15c-5c\"><div class=\"kt-block-spacer kt-block-spacer-halign-center\"><hr class=\"kt-divider\"\/><\/div><\/div>\n\n\n\n<h2 class=\"wp-block-heading eplus-wrapper\">FORTE CULTURA Partner biznesowy<\/h2>\n\n\n\n<p class=\"eplus-wrapper\">FORTE CULTURA wsp\u00f3\u0142pracuje z r\u00f3\u017cnymi partnerami z bran\u017cy turystycznej, cyfryzacji i marketingu w celu zwi\u0119kszenia widoczno\u015bci i dost\u0119pno\u015bci dziedzictwa fortecznego. Czasami zawierane s\u0105 umowy ramowe, kt\u00f3re zapewniaj\u0105 cz\u0142onkom FORTE CULTURA znacz\u0105ce korzy\u015bci.<\/p>\n\n\n\n<p class=\"eplus-wrapper\"><\/p>\n\n\n<div class=\"wp-block-columns alignwide eplus-wrapper is-layout-flex wp-container-core-columns-is-layout-28f84493 wp-block-columns-is-layout-flex eplus-styles-uid-5dc84c\">\n<div class=\"wp-block-column eplus-wrapper is-layout-flow wp-block-column-is-layout-flow\"><figure class=\"wp-block-image alignleft size-full is-resized has-custom-border eplus-wrapper eplus-styles-uid-a11f1b\"><img loading=\"lazy\" decoding=\"async\" width=\"383\" height=\"132\" src=\"https:\/\/www.forte-cultura.network\/wp-content\/uploads\/2025\/11\/Actionbound-logo.png\" alt=\"\" class=\"wp-image-3576\" style=\"border-radius:10px;width:306px;height:auto\" srcset=\"https:\/\/www.forte-cultura.network\/wp-content\/uploads\/2025\/11\/Actionbound-logo.png 383w, https:\/\/www.forte-cultura.network\/wp-content\/uploads\/2025\/11\/Actionbound-logo-300x103.png 300w, https:\/\/www.forte-cultura.network\/wp-content\/uploads\/2025\/11\/Actionbound-logo-18x6.png 18w\" sizes=\"auto, (max-width: 383px) 100vw, 383px\" \/><\/figure>\n\n\n<p class=\"eplus-wrapper\">We wsp\u00f3\u0142pracy z <strong>Actionbound GmbH<\/strong> (DE), FORTE CULTURA oferuje wszystkim stacjom cz\u0142onkowskim mo\u017cliwo\u015b\u0107 korzystania z aplikacji Actionbound. Actionbound to aplikacja mobilna, kt\u00f3ra pozwala u\u017cytkownikom tworzy\u0107 i odtwarza\u0107 interaktywne i gamifikowane wycieczki oraz rajdy z zagadkami. Aplikacja ta jest doskona\u0142ym narz\u0119dziem marketingowym dla instytucji i organizacji kulturalnych, poniewa\u017c oferuje wyj\u0105tkowy spos\u00f3b na zaanga\u017cowanie i wzbudzenie zainteresowania odwiedzaj\u0105cych oraz potencjalnych klient\u00f3w. Wszyscy cz\u0142onkowie Forte Cultura e.V. maj\u0105 mo\u017cliwo\u015b\u0107 tworzenia w\u0142asnych \u201cspersonalizowanych\u201d tras (wycieczek i rajd\u00f3w z zagadkami). <strong>Cz\u0142onkowie nie musz\u0105 p\u0142aci\u0107 op\u0142aty licencyjnej.<\/strong> w ramach oferty Actionbound. <\/p>\n\n\n\n<p class=\"has-text-align-right eplus-wrapper\"><a href=\"https:\/\/forte-cultura.com\/en\/events\/forte-cultura-world-of-experience\/\" target=\"_blank\" rel=\"noreferrer noopener\"><strong><em>wi\u0119cej informacji<\/em><\/strong><\/a><\/p>\n<\/div>\n<\/div>\n\n\n<hr class=\"is-style-wide wp-block-separator alignwide has-text-color has-contrast-3-color has-alpha-channel-opacity has-contrast-3-background-color has-background eplus-wrapper\" style=\"margin-top:var(--wp--preset--spacing--20);margin-bottom:var(--wp--preset--spacing--20)\"\/>\n\n\n<div class=\"wp-block-columns alignwide eplus-wrapper is-layout-flex wp-container-core-columns-is-layout-28f84493 wp-block-columns-is-layout-flex eplus-styles-uid-fd39dc\">\n<div class=\"wp-block-column eplus-wrapper is-layout-flow wp-block-column-is-layout-flow\"><figure class=\"wp-block-image alignleft size-full is-resized has-custom-border eplus-wrapper eplus-styles-uid-60e590\"><img loading=\"lazy\" decoding=\"async\" width=\"1200\" height=\"630\" src=\"https:\/\/www.forte-cultura.network\/wp-content\/uploads\/2025\/11\/reveel.guide_.jpg\" alt=\"\" class=\"wp-image-3577\" style=\"border-radius:10px;width:304px;height:auto\" srcset=\"https:\/\/www.forte-cultura.network\/wp-content\/uploads\/2025\/11\/reveel.guide_.jpg 1200w, https:\/\/www.forte-cultura.network\/wp-content\/uploads\/2025\/11\/reveel.guide_-300x158.jpg 300w, https:\/\/www.forte-cultura.network\/wp-content\/uploads\/2025\/11\/reveel.guide_-1024x538.jpg 1024w, https:\/\/www.forte-cultura.network\/wp-content\/uploads\/2025\/11\/reveel.guide_-768x403.jpg 768w, https:\/\/www.forte-cultura.network\/wp-content\/uploads\/2025\/11\/reveel.guide_-18x9.jpg 18w\" sizes=\"auto, (max-width: 1200px) 100vw, 1200px\" \/><\/figure>\n\n\n<p class=\"eplus-wrapper\"><strong>Reveel.Przewodnik<\/strong> (FI) sprawia, \u017ce zwiedzanie staje si\u0119 bardziej dost\u0119pne, zr\u00f3wnowa\u017cone i nowoczesne, zamieniaj\u0105c papierowe mapy w natychmiastowe przewodniki cyfrowe dost\u0119pne w telefonach zwiedzaj\u0105cych w wielu j\u0119zykach. Atrakcje turystyczne mog\u0105 oferowa\u0107 anga\u017cuj\u0105ce, wieloj\u0119zyczne do\u015bwiadczenia bez konieczno\u015bci po\u015bwi\u0119cania czasu i ponoszenia koszt\u00f3w zwi\u0105zanych z tworzeniem w\u0142asnych rozwi\u0105za\u0144. Reveel stanowi ekonomiczn\u0105 i zr\u00f3wnowa\u017con\u0105 alternatyw\u0119 dla drukowanych map i tradycyjnych audioprzewodnik\u00f3w. Korzystaj\u0105c wy\u0142\u0105cznie ze smartfona, zwiedzaj\u0105cy maj\u0105 dost\u0119p do cyfrowych map i tras, tre\u015bci wieloj\u0119zycznych, bogatej integracji multimedialnej lub funkcji interaktywnych. Dzi\u0119ki naszej wsp\u00f3\u0142pracy,\u00a0<strong>Wszyscy cz\u0142onkowie FORTE CULTURA otrzymuj\u0105 zni\u017ck\u0119 50%<\/strong>\u00a0w planach subskrypcyjnych Reveel (zaczynaj\u0105cych si\u0119 od zaledwie 99 euro miesi\u0119cznie). Dzi\u0119ki temu Reveel jest przyst\u0119pnym cenowo, gotowym na przysz\u0142o\u015b\u0107 rozwi\u0105zaniem nawet dla ma\u0142ych i \u015brednich obiekt\u00f3w dziedzictwa kulturowego. <\/p>\n\n\n\n<p class=\"has-text-align-right eplus-wrapper\"><a href=\"https:\/\/www.forte-cultura.network\/pl\/odkryj-nowe-narzedzie-cyfrowe-dla-dziedzictwa-fortyfikacyjnego\/\" data-type=\"post\" data-id=\"3059\"><em><strong>wi\u0119cej informacji<\/strong><\/em><\/a><\/p>\n<\/div>\n<\/div>\n\n\n<hr class=\"is-style-wide wp-block-separator alignwide has-text-color has-contrast-3-color has-alpha-channel-opacity has-contrast-3-background-color has-background eplus-wrapper\" style=\"margin-top:var(--wp--preset--spacing--20);margin-bottom:var(--wp--preset--spacing--20)\"\/>\n\n\n<div class=\"wp-block-columns alignwide eplus-wrapper is-layout-flex wp-container-core-columns-is-layout-28f84493 wp-block-columns-is-layout-flex eplus-styles-uid-963111\">\n<div class=\"wp-block-column eplus-wrapper is-layout-flow wp-block-column-is-layout-flow\"><figure class=\"wp-block-image alignleft size-full is-resized has-custom-border eplus-wrapper eplus-styles-uid-60e590\"><img loading=\"lazy\" decoding=\"async\" width=\"527\" height=\"290\" src=\"https:\/\/www.forte-cultura.network\/wp-content\/uploads\/2025\/11\/Budingen002a.jpg\" alt=\"\" class=\"wp-image-3586\" style=\"border-radius:10px;width:304px;height:auto\" srcset=\"https:\/\/www.forte-cultura.network\/wp-content\/uploads\/2025\/11\/Budingen002a.jpg 527w, https:\/\/www.forte-cultura.network\/wp-content\/uploads\/2025\/11\/Budingen002a-300x165.jpg 300w, https:\/\/www.forte-cultura.network\/wp-content\/uploads\/2025\/11\/Budingen002a-18x10.jpg 18w\" sizes=\"auto, (max-width: 527px) 100vw, 527px\" \/><\/figure>\n\n\n<p class=\"eplus-wrapper\">We wsp\u00f3\u0142pracy z <strong>EuroSchein-Souvenir Sp. z o.o.<\/strong> (DE), FORTE CULTURA od 2021 roku oferuje mo\u017cliwo\u015b\u0107 produkcji i sprzeda\u017cy spersonalizowanych banknot\u00f3w pami\u0105tkowych. Banknoty pami\u0105tkowe posiadaj\u0105 wszystkie cechy prawdziwych banknot\u00f3w euro i s\u0105 popularnymi przedmiotami kolekcjonerskimi w ca\u0142ej Europie.<strong> Cz\u0142onkowie FORTE CULTURA otrzymuj\u0105 zni\u017ck\u0119.<\/strong> na kosztach produkcji. Skorzystaj z okazji, aby wydrukowa\u0107 w\u0142asne pieni\u0105dze (pami\u0105tkowe). Banknoty z mo\u017cliwo\u015bci\u0105 personalizacji nie tylko wzmacniaj\u0105 wizerunek Twojej lokalizacji jako twierdzy, ale tak\u017ce zwi\u0119kszaj\u0105 Twoje przychody. Nasi cz\u0142onkowie z Germersheim i B\u00fcdingen wyemitowali ju\u017c w\u0142asne banknoty, w tym mark\u0119 FORTE CULTURA.<\/p>\n<\/div>\n<\/div>\n\n\n<hr class=\"is-style-wide wp-block-separator alignwide has-text-color has-contrast-3-color has-alpha-channel-opacity has-contrast-3-background-color has-background eplus-wrapper\" style=\"margin-top:var(--wp--preset--spacing--20);margin-bottom:var(--wp--preset--spacing--20)\"\/>\n\n\n\n<p class=\"eplus-wrapper\"><\/p>\n\n\n\n<p class=\"eplus-wrapper\"><\/p>\n\n\n\n<p class=\"eplus-wrapper\"><\/p>","protected":false},"excerpt":{"rendered":"<p>The strength of the FORTE CULTURA network is based on the individual strengths and cohesion of its members and FORTE CULTURA partners. FORTE CULTURA is a member of EFFORTS and [&hellip;]<\/p>\n","protected":false},"author":1,"featured_media":0,"parent":329,"menu_order":1,"comment_status":"closed","ping_status":"closed","template":"","meta":{"editor_plus_copied_stylings":"{}","pgc_sgb_lightbox_settings":"","_price":"","_stock":"","_tribe_ticket_header":"","_tribe_default_ticket_provider":"","_tribe_ticket_capacity":"0","_ticket_start_date":"","_ticket_end_date":"","_tribe_ticket_show_description":"","_tribe_ticket_show_not_going":false,"_tribe_ticket_use_global_stock":"","_tribe_ticket_global_stock_level":"","_global_stock_mode":"","_global_stock_cap":"","_tribe_rsvp_for_event":"","_tribe_ticket_going_count":"","_tribe_ticket_not_going_count":"","_tribe_tickets_list":"[]","_tribe_ticket_has_attendee_info_fields":false,"_EventAllDay":false,"_EventTimezone":"","_EventStartDate":"","_EventEndDate":"","_EventStartDateUTC":"","_EventEndDateUTC":"","_EventShowMap":false,"_EventShowMapLink":false,"_EventURL":"","_EventCost":"","_EventCostDescription":"","_EventCurrencySymbol":"","_EventCurrencyCode":"","_EventCurrencyPosition":"","_EventDateTimeSeparator":"","_EventTimeRangeSeparator":"","_EventOrganizerID":[],"_EventVenueID":[],"_OrganizerEmail":"","_OrganizerPhone":"","_OrganizerWebsite":"","_VenueAddress":"","_VenueCity":"","_VenueCountry":"","_VenueProvince":"","_VenueState":"","_VenueZip":"","_VenuePhone":"","_VenueURL":"","_VenueStateProvince":"","_VenueLat":"","_VenueLng":"","_VenueShowMap":false,"_VenueShowMapLink":false,"footnotes":""},"class_list":["post-2021","page","type-page","status-publish","hentry"],"_links":{"self":[{"href":"https:\/\/www.forte-cultura.network\/pl\/wp-json\/wp\/v2\/pages\/2021","targetHints":{"allow":["GET"]}}],"collection":[{"href":"https:\/\/www.forte-cultura.network\/pl\/wp-json\/wp\/v2\/pages"}],"about":[{"href":"https:\/\/www.forte-cultura.network\/pl\/wp-json\/wp\/v2\/types\/page"}],"author":[{"embeddable":true,"href":"https:\/\/www.forte-cultura.network\/pl\/wp-json\/wp\/v2\/users\/1"}],"replies":[{"embeddable":true,"href":"https:\/\/www.forte-cultura.network\/pl\/wp-json\/wp\/v2\/comments?post=2021"}],"version-history":[{"count":20,"href":"https:\/\/www.forte-cultura.network\/pl\/wp-json\/wp\/v2\/pages\/2021\/revisions"}],"predecessor-version":[{"id":5103,"href":"https:\/\/www.forte-cultura.network\/pl\/wp-json\/wp\/v2\/pages\/2021\/revisions\/5103"}],"up":[{"embeddable":true,"href":"https:\/\/www.forte-cultura.network\/pl\/wp-json\/wp\/v2\/pages\/329"}],"wp:attachment":[{"href":"https:\/\/www.forte-cultura.network\/pl\/wp-json\/wp\/v2\/media?parent=2021"}],"curies":[{"name":"wp","href":"https:\/\/api.w.org\/{rel}","templated":true}]}}