{"id":663,"date":"2024-01-02T17:10:28","date_gmt":"2024-01-02T16:10:28","guid":{"rendered":"https:\/\/www.forte-cultura.network\/?page_id=663"},"modified":"2024-01-02T17:10:28","modified_gmt":"2024-01-02T16:10:28","slug":"oswiadczenie-o-ochronie-danych","status":"publish","type":"page","link":"https:\/\/www.forte-cultura.network\/pl\/datenschutzerklaerung\/","title":{"rendered":"Zarz\u0105dzanie danymi"},"content":{"rendered":"<p class=\"eplus-wrapper\"><\/p>\n\n\n<div class=\"wp-block-columns alignwide eplus-wrapper is-layout-flex wp-container-core-columns-is-layout-28f84493 wp-block-columns-is-layout-flex eplus-styles-uid-c23667\">\n<div class=\"wp-block-column eplus-wrapper is-layout-flow wp-block-column-is-layout-flow\">\n<h4 class=\"wp-block-heading eplus-wrapper\"><strong>Allgemeiner Hinweis und Pflichtinformationen<\/strong><\/h4>\n\n\n\n<p class=\"has-small-font-size eplus-wrapper\">Korzystanie z naszych stron internetowych jest zasadniczo mo\u017cliwe bez jakiegokolwiek dost\u0119pu do danych osobowych. Je\u015bli osoba zdradzaj\u0105ca chce skorzysta\u0107 z okre\u015blonych us\u0142ug za po\u015brednictwem naszej strony internetowej, mo\u017ce to wymaga\u0107 weryfikacji danych osobowych. Je\u015bli weryfikacja danych osobowych jest konieczna i nie ma podstaw prawnych do takiej weryfikacji, przyjmujemy zasadniczo wol\u0119 osoby, kt\u00f3rej dane dotycz\u0105.<\/p>\n\n\n\n<p class=\"has-small-font-size eplus-wrapper\">Weryfikacja danych osobowych, takich jak imi\u0119 i nazwisko, numer telefonu, adres e-mail lub numer telefonu osoby, z kt\u00f3r\u0105 zawarto umow\u0119, odbywa si\u0119 wy\u0142\u0105cznie zgodnie z przepisami dotycz\u0105cymi ochrony danych osobowych oraz zgodnie z obowi\u0105zuj\u0105cymi w firmie ECCOFORT e.V. przepisami dotycz\u0105cymi ochrony danych osobowych. Na podstawie tych zasad informujemy o rodzaju, zakresie i miejscu gromadzonych, generowanych i przetwarzanych przez nas danych osobowych. Ponadto osoby, kt\u00f3rym powierzono przetwarzanie danych, otrzymaj\u0105 informacje o przys\u0142uguj\u0105cych im prawach.<\/p>\n\n\n\n<p class=\"has-small-font-size eplus-wrapper\">Firma ECCOFORT e.V. wprowadzi\u0142a szereg technicznych i organizacyjnych \u015brodk\u00f3w w celu zapewnienia bezpiecze\u0144stwa danych osobowych przetwarzanych za po\u015brednictwem tej strony internetowej. W zwi\u0105zku z tym, \u017ce nie mo\u017cna zapewni\u0107 absolutnej ochrony danych przez Internet, nie jest to konieczne. W zwi\u0105zku z tym ka\u017cda osoba zdradzona ma swobod\u0119, je\u015bli chodzi o przekazywanie nam danych osobowych r\u00f3wnie\u017c w alternatywny spos\u00f3b, na przyk\u0142ad telefonicznie.<\/p>\n\n\n\n<p class=\"eplus-wrapper\"><strong>Benennung der verantwortlichen Stelle<\/strong><\/p>\n\n\n\n<p class=\"has-small-font-size eplus-wrapper\">W\u0142a\u015bciwym miejscem do przetwarzania danych na tej stronie internetowej jest:<\/p>\n\n\n\n<p class=\"has-small-font-size eplus-wrapper\">FORTE CULTURA e.V.<br>Dirk R\u00f6der<br>c\/o ECCOFORT e.V.<br>Albertinenstr. 1<br>13086 Berlin<\/p>\n\n\n\n<p class=\"has-small-font-size eplus-wrapper\">Strona odpowiedzialna za przetwarzanie danych osobowych (np. nazwisk, danych kontaktowych itp.) dzia\u0142a samodzielnie lub wsp\u00f3lnie z innymi stronami.<\/p>\n\n\n\n<p class=\"eplus-wrapper\"><strong>Widerruf Ihrer Einwilligung zur Datenverarbeitung<\/strong><\/p>\n\n\n\n<p class=\"has-small-font-size eplus-wrapper\">Tylko w przypadku zgodnej woli u\u017cytkownika mo\u017cliwe s\u0105 pewne zmiany w przetwarzaniu danych. Widerruf Ihrer bereits erteilten Einwilligung is jederzeit m\u00f6glich. W celu anulowania nale\u017cy wys\u0142a\u0107 wiadomo\u015b\u0107 e-mail. Rechtm\u00e4\u00dfigkeit der bis zum Widerruf erfolgten Datenverarbeitung bleibt vom Widerruf unber\u00fchrt.<\/p>\n\n\n\n<p class=\"eplus-wrapper\"><strong>Recht auf Beschwerde bei der zust\u00e4ndigen Aufsichtsbeh\u00f6rde<\/strong><\/p>\n\n\n\n<p class=\"has-small-font-size eplus-wrapper\">Jako zleceniobiorca, w przypadku wyst\u0105pienia narusze\u0144 ochrony danych osobowych, mog\u0119 zawrze\u0107 umow\u0119 z w\u0142a\u015bciwym organem ds. ochrony danych osobowych. Zust\u00e4ndigen Aufsichtsbeh\u00f6rde without\u00fcglich datenschutzrechtlicher Fragen is der Landesdatenschutzbeauftragte des Bundeslandes, in dem sich der Sitz unternehmens befindet. Poni\u017cszy link zawiera list\u0119 organ\u00f3w ochrony danych oraz ich dane kontaktowe: <a href=\"https:\/\/www.bfdi.bund.de\/DE\/Infothek\/Anschriften_Links\/anschriften_links-node.html\" target=\"_blank\" rel=\"noreferrer noopener\">https:\/\/www.bfdi.bund.de\/DE\/Infothek\/Anschriften_Links\/anschriften_links-node.html<\/a>.<\/p>\n\n\n\n<p class=\"eplus-wrapper\"><strong>Recht auf Daten\u00fcbertragbarkeit<\/strong><\/p>\n\n\n\n<p class=\"has-small-font-size eplus-wrapper\">Klient ma prawo do tego, aby dane, kt\u00f3re przetwarzamy na podstawie jego woli lub w ramach realizacji umowy, zosta\u0142y automatycznie przes\u0142ane do niego lub do innych os\u00f3b. Rozliczenie odbywa si\u0119 w formacie maschinenlesbaren Format. W przypadku bezpo\u015bredniego przesy\u0142ania danych do innego oprogramowania, odbywa si\u0119 to tylko wtedy, gdy jest to technicznie mo\u017cliwe.<\/p>\n\n\n\n<p class=\"eplus-wrapper\"><strong>SSL- bzw. TLS-Verschl\u00fcsselung<\/strong><\/p>\n\n\n\n<p class=\"has-small-font-size eplus-wrapper\">W celu zapewnienia bezpiecze\u0144stwa i ochrony przed przesy\u0142aniem danych osobowych, kt\u00f3re u\u017cytkownik wysy\u0142a do nas jako dostawcy us\u0142ug internetowych, nasza witryna korzysta z protoko\u0142u SSL lub TLS. W zwi\u0105zku z tym dane przesy\u0142ane przez u\u017cytkownika za po\u015brednictwem tej witryny nie s\u0105 dost\u0119pne dla innych u\u017cytkownik\u00f3w. Oznacza to r\u00f3\u017cne powi\u0105zania mi\u0119dzy adresem \"https:\/\/\" w przegl\u0105darce a symbolem sklepu w przegl\u0105darce.<\/p>\n\n\n\n<p class=\"eplus-wrapper\"><strong>Gromadzenie og\u00f3lnych danych i informacji<\/strong><\/p>\n\n\n\n<p class=\"has-small-font-size eplus-wrapper\">Nasza strona internetowa zawiera przy ka\u017cdym wej\u015bciu za po\u015brednictwem zaufanej osoby lub automatycznego systemu szereg og\u00f3lnych danych i informacji. Te og\u00f3lne dane i informacje s\u0105 zapisywane w plikach dziennika serwer\u00f3w. Pod uwag\u0119 brane s\u0105 (1) u\u017cywane typy i wersje przegl\u0105darek, (2) u\u017cywany przez dany system system zarz\u0105dzania, (3) strony internetowe, z kt\u00f3rych korzysta dany system na naszej stronie internetowej (tzw. strony odsy\u0142aj\u0105ce), (4) strony internetowe, z kt\u00f3rych korzysta dany system na naszej stronie internetowej, (5) dat\u0119 i godzin\u0119 wej\u015bcia na stron\u0119 internetow\u0105, (6) adres protoko\u0142u internetowego (adres IP), (7) dostawc\u0119 us\u0142ug internetowych dla danego systemu oraz (8) inne dane i informacje, kt\u00f3re mog\u0105 mie\u0107 negatywny wp\u0142yw na nasze systemy informatyczne.<\/p>\n\n\n\n<p class=\"has-small-font-size eplus-wrapper\">ECCOFORT e.V. nie ponosi \u017cadnej odpowiedzialno\u015bci za osob\u0119, kt\u00f3rej powierzono przetwarzanie danych i informacji. Informacje te s\u0105 szczeg\u00f3lnie wa\u017cne, aby (1) zapewni\u0107 prawid\u0142owe korzystanie z naszej strony internetowej, (2) zoptymalizowa\u0107 korzystanie z naszej strony internetowej i jej obs\u0142ug\u0119, (3) zapewni\u0107 niezawodne dzia\u0142anie naszych system\u00f3w informatycznych i technologii naszej strony internetowej oraz (4) zapewni\u0107 bezpiecze\u0144stwo w przypadku cyberatak\u00f3w, kt\u00f3re mog\u0105 mie\u0107 wp\u0142yw na bezpiecze\u0144stwo. Te anonimowe dane i informacje s\u0105 przetwarzane przez ECCOFORT e.V. w spos\u00f3b statystyczny i z uwzgl\u0119dnieniem celu, jakim jest ochrona danych i bezpiecze\u0144stwo danych w naszej firmie, aby zapewni\u0107 optymaln\u0105 ochron\u0119 danych osobowych przetwarzanych przez nas. Anonimowe dane z plik\u00f3w dziennika serwera s\u0105 pobierane od wszystkich os\u00f3b, kt\u00f3re otrzyma\u0142y od nas dane osobowe.<\/p>\n\n\n\n<p class=\"eplus-wrapper\"><strong>Formularz kontaktowy<\/strong><\/p>\n\n\n\n<p class=\"has-small-font-size eplus-wrapper\">Za po\u015brednictwem formularza kontaktowego przesy\u0142ane s\u0105 dane wraz z danymi kontaktowymi u\u017cytkownika, kt\u00f3re mog\u0105 by\u0107 przetwarzane w celu uzyskania odpowiedzi lub w celu uzyskania zgody. Zmiana tych danych nie jest mo\u017cliwa bez mojej woli.<\/p>\n\n\n\n<p class=\"has-small-font-size eplus-wrapper\">Weryfikacja danych zawartych w formularzu kontaktowym odbywa si\u0119 wy\u0142\u0105cznie na podstawie woli u\u017cytkownika (art. 6 ust. 1 lit. a DSGVO). Widerruf Ihrer bereits erteilten Einwilligung ist jederzeit m\u00f6glich. W celu anulowania nale\u017cy wys\u0142a\u0107 formaln\u0105 wiadomo\u015b\u0107 e-mail. Rechtm\u00e4\u00dfigkeit der bis zum Widerruf erfolgten Datenverarbeitungsvorg\u00e4nge bleibt vom Widerruf unber\u00fchrt.<\/p>\n\n\n\n<p class=\"has-small-font-size eplus-wrapper\">Dane przesy\u0142ane za po\u015brednictwem formularza kontaktowego s\u0105 dla nas weryfikowalne, o ile zgadzasz si\u0119 na ich usuni\u0119cie, nie wyra\u017casz zgody na ich przetwarzanie lub nie jest to konieczne ze wzgl\u0119du na ochron\u0119 danych. Zwingende gesetzliche Bestimmungen - insbesondere Aufbewahrungsfristen - bleiben unber\u00fchrten.<\/p>\n\n\n\n<p class=\"eplus-wrapper\"><strong>Newsletter-Daten<\/strong><\/p>\n\n\n\n<p class=\"has-small-font-size eplus-wrapper\">Aby otrzymywa\u0107 nasze biuletyny, otrzymujemy od nas adres e-mail. Weryfikacja adresu e-mail nie jest konieczna, a korzystanie z newslettera jest dobrowolne. Inne dane nie b\u0119d\u0105 przetwarzane lub b\u0119d\u0105 przechowywane bezp\u0142atnie. Wykorzystanie danych odbywa si\u0119 wy\u0142\u0105cznie w celu wysy\u0142ki biuletyn\u00f3w.<\/p>\n\n\n\n<p class=\"has-small-font-size eplus-wrapper\">Dane przekazane w zwi\u0105zku z wysy\u0142k\u0105 newslettera s\u0105 przetwarzane wy\u0142\u0105cznie zgodnie z wol\u0105 u\u017cytkownika (art. 6 ust. 1 lit. a DSGVO). Widerruf Ihrer bereits erteilten Einwilligung ist jederzeit m\u00f6glich. W celu wycofania zgody nale\u017cy przes\u0142a\u0107 formularz poczt\u0105 elektroniczn\u0105 lub skorzysta\u0107 z \u0142\u0105cza \"Wycofanie zgody\" w biuletynie. Rechtm\u00e4\u00dfigkeit der bereits erfolgten Datenverarbeitungsvorg\u00e4nge bleibt vom Widerruf unber\u00fchrt.<\/p>\n\n\n\n<p class=\"has-small-font-size eplus-wrapper\">Dane wprowadzone w celu realizacji zam\u00f3wienia zostan\u0105 usuni\u0119te po jego zako\u0144czeniu. Je\u015bli dane te zostan\u0105 przes\u0142ane na inny adres lub z innej lokalizacji, nale\u017cy je potwierdzi\u0107 u nas.<\/p>\n\n\n\n<p class=\"eplus-wrapper\"><strong>CleverReach<\/strong><\/p>\n\n\n\n<p class=\"has-small-font-size eplus-wrapper\">CleverReach jest nasz\u0105 firm\u0105 dostarczaj\u0105c\u0105 newslettery. Anbieterem jest firma CleverReach GmbH &amp; Co. KG, M\u00fchlenstr. 43, 26180 Rastede. Dzi\u0119ki temu systemowi mo\u017cemy organizowa\u0107 i analizowa\u0107 newslettery. Dane wprowadzone w celu korzystania z biuletyn\u00f3w, takie jak adres e-mail, b\u0119d\u0105 przechowywane na serwerach CleverReach. Standardowe serwery to Niemcy i Irlandia.<\/p>\n\n\n\n<p class=\"has-small-font-size eplus-wrapper\">Us\u0142uga Newsletter-Versand z CleverReach pozwoli\u0142a nam przeanalizowa\u0107 spos\u00f3b korzystania z newslettera przez u\u017cytkownik\u00f3w. Analiza pozwala nam stwierdzi\u0107, jak wielu u\u017cytkownik\u00f3w korzysta z newslettera i z jak\u0105 cz\u0119stotliwo\u015bci\u0105 korzystaj\u0105 z link\u00f3w w newsletterze. CleverReach wspiera \u015bledzenie konwersji, dzi\u0119ki czemu mo\u017cna analizowa\u0107, czy po klikni\u0119ciu w link nast\u0105pi\u0142a wcze\u015bniej zdefiniowana akcja, na przyk\u0142ad zakup produktu. Szczeg\u00f3\u0142owe informacje na temat analizy danych przez CleverReach mo\u017cna znale\u017a\u0107 poni\u017cej: <a href=\"https:\/\/www.cleverreach.com\/de\/funktionen\/reporting-und-tracking\/\">https:\/\/www.cleverreach.com\/de\/funktionen\/reporting-und-tracking\/<\/a>.<\/p>\n\n\n\n<p class=\"has-small-font-size eplus-wrapper\">Die Datenverarbeitung erfolgt auf Grundlage Ihrer Einwilligung (Art. 6 Abs. 1 lit. a DSGVO). Widerruf Ihrer bereits erteilten Einwilligung ist jederzeit m\u00f6glich. W celu wycofania zgody nale\u017cy przes\u0142a\u0107 formularz poczt\u0105 elektroniczn\u0105 lub skorzysta\u0107 z linku \"Austragen\" w biuletynie. Rechtm\u00e4\u00dfigkeit der bereits erfolgten Datenverarbeitungsvorg\u00e4nge bleibt vom Widerruf unber\u00fchrt.<\/p>\n\n\n\n<p class=\"has-small-font-size eplus-wrapper\">Je\u015bli nie chcesz przeprowadza\u0107 analiz za po\u015brednictwem CleverReach, musisz anulowa\u0107 wysy\u0142k\u0119 biuletynu. W celu usuni\u0119cia nale\u017cy przes\u0142a\u0107 do nas formaln\u0105 wiadomo\u015b\u0107 e-mail lub skorzysta\u0107 z linku \"Usu\u0144\" w biuletynie.<\/p>\n\n\n\n<p class=\"has-small-font-size eplus-wrapper\">Dane wprowadzone w celu realizacji zam\u00f3wienia zostan\u0105 usuni\u0119te po po\u0142\u0105czeniu naszych serwer\u00f3w z serwerami CleverReach. Je\u015bli dane te zostan\u0105 przes\u0142ane do innych serwer\u00f3w lub na inn\u0105 lokalizacj\u0119, b\u0119d\u0105 one weryfikowane przez nas.<\/p>\n\n\n\n<p class=\"has-small-font-size eplus-wrapper\">Szczeg\u00f3\u0142owe informacje na temat zasad ochrony danych osobowych w CleverReach mo\u017cna znale\u017a\u0107 poni\u017cej: <a href=\"https:\/\/www.cleverreach.com\/de\/datenschutz\/\">https:\/\/www.cleverreach.com\/de\/datenschutz\/<\/a>.<\/p>\n\n\n\n<p class=\"has-small-font-size eplus-wrapper\">Auftragsverarbeitung<\/p>\n\n\n\n<p class=\"has-small-font-size eplus-wrapper\">W celu pe\u0142nego wdro\u017cenia ustawowych przepis\u00f3w dotycz\u0105cych ochrony danych osobowych, wraz z CleverReach otrzymali\u015bmy umow\u0119 dotycz\u0105c\u0105 przetwarzania danych osobowych.<\/p>\n\n\n\n<p class=\"eplus-wrapper\"><strong>Pliki cookie<\/strong><\/p>\n\n\n\n<p class=\"has-small-font-size eplus-wrapper\">Nasza witryna wykorzystuje pliki cookie. S\u0105 to niewielkie dane tekstowe, kt\u00f3re przegl\u0105darka internetowa umieszcza na urz\u0105dzeniu ko\u0144cowym. Pliki cookie pomagaj\u0105 nam uczyni\u0107 nasz\u0105 ofert\u0119 bardziej przyjazn\u0105, wydajn\u0105 i bezpieczn\u0105.<\/p>\n\n\n\n<p class=\"has-small-font-size eplus-wrapper\">Niekt\u00f3re pliki cookie s\u0105 \"plikami cookie sesji\". Takie pliki cookie s\u0105 zapisywane po zako\u0144czeniu sesji przegl\u0105darki. W zwi\u0105zku z tym inne pliki cookie mog\u0105 pojawi\u0107 si\u0119 po zako\u0144czeniu sesji, je\u015bli u\u017cytkownik sam je usunie. Takie pliki cookie pomagaj\u0105 nam, gdy u\u017cytkownik odwiedza nasz\u0105 witryn\u0119 internetow\u0105.<\/p>\n\n\n\n<p class=\"has-small-font-size eplus-wrapper\">Za pomoc\u0105 nowoczesnej przegl\u0105darki internetowej mo\u017cna konfigurowa\u0107, dodawa\u0107 lub od\u0142\u0105cza\u0107 pliki cookie. Niekt\u00f3re przegl\u0105darki internetowe mog\u0105 by\u0107 skonfigurowane w taki spos\u00f3b, \u017ce pliki cookie przy samodzielnym uruchomieniu programu mog\u0105 zosta\u0107 usuni\u0119te. Dezaktywacja plik\u00f3w cookie mo\u017ce mie\u0107 wp\u0142yw na funkcjonalno\u015b\u0107 naszej witryny internetowej.<\/p>\n\n\n\n<p class=\"has-small-font-size eplus-wrapper\">Ustawienie plik\u00f3w cookie, kt\u00f3re nie s\u0105 potrzebne do korzystania z elektronicznych us\u0142ug komunikacyjnych lub do wy\u015bwietlania najlepszych, u\u017cywanych przez u\u017cytkownika funkcji (np. Warenkorb), odbywa si\u0119 na podstawie art. 6 ust. 1 lit. a) RODO. 6 Abs. 1 lit. f DSGVO. Jako betreiber tej strony internetowej mamy uzasadniony interes w tym, aby pliki cookie by\u0142y wykorzystywane do bezpiecznego technicznie i niezawodnego korzystania z naszej strony internetowej. W przypadku ustawienia innych plik\u00f3w cookie (np. dla funkcji analitycznych), zostan\u0105 one oddzielnie uwzgl\u0119dnione w niniejszej Polityce prywatno\u015bci.<\/p>\n\n\n\n<p class=\"eplus-wrapper\"><strong>Google Analytics<\/strong><\/p>\n\n\n\n<p class=\"has-small-font-size eplus-wrapper\">Nasza witryna korzysta z funkcji Google Analytics. Dostawc\u0105 us\u0142ugi Webanalysedienstes jest firma Google Inc., 1600 Amphitheatre Parkway, Mountain View, CA 94043, USA.<\/p>\n\n\n\n<p class=\"has-small-font-size eplus-wrapper\">Google Analytics u\u017cywa plik\u00f3w cookie. S\u0105 to niewielkie dane tekstowe, kt\u00f3re s\u0105 zapisywane przez przegl\u0105dark\u0119 internetow\u0105 na urz\u0105dzeniu ko\u0144cowym i umo\u017cliwiaj\u0105 analiz\u0119 korzystania z witryny. Informacje o korzystaniu z naszej strony internetowej uzyskane za pomoc\u0105 plik\u00f3w cookie s\u0105 przesy\u0142ane na serwer Google i tam przetwarzane. Siedzib\u0105 serwera jest na og\u00f3\u0142 USA.<\/p>\n\n\n\n<p class=\"has-small-font-size eplus-wrapper\">Ustawienie plik\u00f3w cookie Google-Analytics odbywa si\u0119 na podstawie art. 6 Abs. 1 lit. f DSGVO. Jako Betreiber tej strony internetowej mamy uzasadniony interes w analizie aktywno\u015bci u\u017cytkownik\u00f3w, aby zoptymalizowa\u0107 nasz Webangebot, a tak\u017ce nasz\u0105 ofert\u0119.<\/p>\n\n\n\n<p class=\"has-small-font-size eplus-wrapper\">Anonimizacja IP<\/p>\n\n\n\n<p class=\"has-small-font-size eplus-wrapper\">Ustawiamy Google Analytics w po\u0142\u0105czeniu z funkcj\u0105 anonimizacji IP. Gwarantuje to, \u017ce Google b\u0119dzie podawa\u0107 swoje adresy IP w obr\u0119bie pa\u0144stw cz\u0142onkowskich Unii Europejskiej lub w innych pa\u0144stwach cz\u0142onkowskich Unii Europejskiej przed wprowadzeniem zakazu w USA. Mo\u017ce to prowadzi\u0107 do sytuacji niepo\u017c\u0105danych, w kt\u00f3rych Google przenosi zmienne adresy IP na serwer w USA. W ramach naszej umowy Google b\u0119dzie korzysta\u0107 z tych informacji w celu weryfikacji sposobu korzystania z witryny przez u\u017cytkownika, tworzenia raport\u00f3w na temat aktywno\u015bci w witrynie oraz \u015bwiadczenia powi\u0105zanych z nami us\u0142ug w zakresie ochrony witryny i korzystania z Internetu. Google Analytics nie \u0142\u0105czy adres\u00f3w IP z innymi danymi Google.<\/p>\n\n\n\n<p class=\"has-small-font-size eplus-wrapper\">Wtyczka przegl\u0105darki<\/p>\n\n\n\n<p class=\"has-small-font-size eplus-wrapper\">Ustawianie plik\u00f3w cookie przez przegl\u0105dark\u0119 internetow\u0105 jest zabronione. Niekt\u00f3re funkcje naszej strony internetowej mog\u0105 by\u0107 w zwi\u0105zku z tym wy\u0142\u0105czone. R\u00f3wnie\u017c gromadzenie danych bez wzgl\u0119du na identyfikacj\u0119 witryny internetowej, w tym adres IP, mo\u017ce by\u0107 powi\u0105zane z weryfikacj\u0105 przez Google. Jest to mo\u017cliwe, je\u015bli pobierzesz i zainstalujesz wtyczk\u0119 do przegl\u0105darki za po\u015brednictwem poni\u017cszego \u0142\u0105cza: <a href=\"https:\/\/tools.google.com\/dlpage\/gaoptout?hl=de\">https:\/\/tools.google.com\/dlpage\/gaoptout?hl=de<\/a>.<\/p>\n\n\n\n<p class=\"has-small-font-size eplus-wrapper\">Widerspruch przeciwko gromadzeniu danych<\/p>\n\n\n\n<p class=\"has-small-font-size eplus-wrapper\">Mo\u017cesz zablokowa\u0107 gromadzenie swoich danych przez Google Analytics, klikaj\u0105c poni\u017cszy link. W tym miejscu znajduje si\u0119 plik Opt-Out-Cookie, kt\u00f3ry umo\u017cliwia gromadzenie danych u\u017cytkownika przy kolejnych odwiedzinach naszej witryny: Google Analytics deaktivieren.<\/p>\n\n\n\n<p class=\"has-small-font-size eplus-wrapper\">Szczeg\u00f3\u0142owe informacje na temat powi\u0105za\u0144 z danymi u\u017cytkownik\u00f3w w Google Analytics mo\u017cna znale\u017a\u0107 w sekcji dotycz\u0105cej zarz\u0105dzania danymi w Google: <a href=\"https:\/\/support.google.com\/analytics\/answer\/6004245?hl=de\">https:\/\/support.google.com\/analytics\/answer\/6004245?hl=de<\/a>.<\/p>\n\n\n\n<p class=\"has-small-font-size eplus-wrapper\">Auftragsverarbeitung<\/p>\n\n\n\n<p class=\"has-small-font-size eplus-wrapper\">W celu pe\u0142nego wype\u0142nienia ustawowych obowi\u0105zk\u00f3w w zakresie ochrony danych osobowych zawarli\u015bmy z Google umow\u0119 dotycz\u0105c\u0105 przetwarzania danych osobowych.<\/p>\n\n\n\n<p class=\"has-small-font-size eplus-wrapper\">Dane demograficzne w Google Analytics<\/p>\n\n\n\n<p class=\"has-small-font-size eplus-wrapper\">Nasza strona internetowa korzysta z funkcji \"demografische Merkmale\" Google Analytics. Za jej pomoc\u0105 tworzone s\u0105 raporty zawieraj\u0105ce informacje o wieku, stylu \u017cycia i zainteresowaniach u\u017cytkownik\u00f3w. Dane te pochodz\u0105 z interessenbezogener Werbung von Google oraz z Besucherdaten von Drittanbietern. Przekazanie danych innej osobie nie jest mo\u017cliwe. Funkcj\u0119 t\u0119 mo\u017cna dezaktywowa\u0107 w dowolnym momencie. Jest to mo\u017cliwe za po\u015brednictwem Anzeigeneinstellungen in Ihrem Google-Konto lub w przypadku, gdy u\u017cytkownik dokonuje gromadzenia swoich danych za po\u015brednictwem Google Analytics, jak okre\u015blono w punkcie \"Widerspruch gegen die Datenerfassung\".<\/p>\n\n\n\n<p class=\"eplus-wrapper\"><strong>Zasady ochrony danych osobowych dotycz\u0105ce korzystania z Google+<\/strong><\/p>\n\n\n\n<p class=\"has-small-font-size eplus-wrapper\">Na tej stronie internetowej mo\u017cna zintegrowa\u0107 komponenty Google+. Google+ jest og\u00f3lnodost\u0119pn\u0105 sieci\u0105 spo\u0142eczno\u015bciow\u0105. Soziales Netzwerk is ein in Internet betriebener sozialer Treffpunkt, eine Online-Gemeinschaft, die es den Nutzern in der Regel perm\u00f6glicht, untereinander zu kommunizieren und im virtuellen Raum zu interagieren. Sie\u0107 spo\u0142eczno\u015bciowa mo\u017ce by\u0107 platform\u0105 wymiany my\u015bli i do\u015bwiadcze\u0144 lub umo\u017cliwia\u0107 spo\u0142eczno\u015bci internetowej gromadzenie informacji osobistych lub dotycz\u0105cych przedsi\u0119biorstw. Google+ umo\u017cliwia u\u017cytkownikom korzystanie z sieci spo\u0142eczno\u015bciowych, w tym tworzenie prywatnych profili, przesy\u0142anie zdj\u0119\u0107 i weryfikacj\u0119 relacji mi\u0119dzyludzkich.<\/p>\n\n\n\n<p class=\"has-small-font-size eplus-wrapper\">Betreibergesellschaft von Google+ ist die Google Inc, 1600 Amphitheatre Pkwy, Mountain View, CA 94043-1351, USA.<\/p>\n\n\n\n<p class=\"has-small-font-size eplus-wrapper\">Durch one Aufruf einer der Einzelseiten dieser Internetseite, die durch den f\u00fcr die Verarbeitung Verantwortlichen betrieben wird und auf welcher eine Google+ Schaltfl\u00e4che integriert wurde, wird der Internetbrowser auf dem informationstechnologischen System der betroffenen Person automaticallyisch durch die jeweilige Google+ Schaltfl\u00e4che veranlasst, eine Darstellung der entsprechenden Google+ Schaltfl\u00e4che von Google herunterzuladen. W ramach tej weryfikacji technicznej Google uzyskuje wiedz\u0119 na temat tego, z jakiej konkretnej strony internetowej korzysta dana osoba. Wi\u0119cej informacji na temat Google+ mo\u017cna znale\u017a\u0107 pod adresem https:\/\/developers.google.com\/+\/.<\/p>\n\n\n\n<p class=\"has-small-font-size eplus-wrapper\">Je\u015bli osoba po\u015blubiona jest stale zalogowana w Google+, Google dowie si\u0119 przy ka\u017cdym wej\u015bciu na nasz\u0105 stron\u0119 internetow\u0105 za po\u015brednictwem osoby po\u015blubionej i przez ca\u0142y czas trwania tego wej\u015bcia na nasz\u0105 stron\u0119 internetow\u0105, z jakiej konkretnej strony internetowej korzysta osoba po\u015blubiona. Informacje te s\u0105 przekazywane za po\u015brednictwem Google+ Schaltfl\u00e4che i za po\u015brednictwem konta Google+ osoby zdradzonej.<\/p>\n\n\n\n<p class=\"has-small-font-size eplus-wrapper\">Zak\u0142adaj\u0105c osobie zdradzanej jeden z przycisk\u00f3w Google+ zintegrowanych z nasz\u0105 stron\u0105 internetow\u0105 i otrzymuj\u0105c od niej opini\u0119 Google+1, Google przekazuje te informacje z osobistego konta Google+ osoby zdradzanej i okre\u015bla te dane osobowe. Google okre\u015bla opini\u0119 Google+1 osoby zdradzonej i udost\u0119pnia j\u0105 zgodnie z warunkami okre\u015blonymi przez osob\u0119 zdradzon\u0105. Us\u0142uga Google+1 \u015bwiadczona przez osob\u0119 zdradzon\u0105 na tej stronie internetowej b\u0119dzie nast\u0119pnie przetwarzana wraz z innymi danymi osobowymi, takimi jak nazwa konta Google+1 za\u0142o\u017conego przez osob\u0119 zdradzon\u0105 oraz zdj\u0119cie zamieszczone w tym dokumencie w innych us\u0142ugach Google, w tym w us\u0142udze Google-Suchmaschine, na koncie Google osoby zdradzonej lub w innych miejscach, w tym w Internecie lub w zwi\u0105zku z serwisami spo\u0142eczno\u015bciowymi. Ponadto Google jest w stanie zweryfikowa\u0107 przegl\u0105danie tej strony internetowej z innymi danymi osobowymi uzyskanymi w Google. Google wykorzystuje te dane osobowe g\u0142\u00f3wnie w celu ograniczenia lub optymalizacji r\u00f3\u017cnych us\u0142ug Google.<\/p>\n\n\n\n<p class=\"has-small-font-size eplus-wrapper\">Google udost\u0119pnia za po\u015brednictwem Google+-Schaltfl\u00e4che ka\u017cdorazowo informacje o tym, \u017ce dana osoba odwiedza nasz\u0105 stron\u0119 internetow\u0105, je\u015bli w momencie odwiedzin naszej strony internetowej osoba ta jest zalogowana w Google+; nie ma przy tym znaczenia, czy osoba ta klikn\u0119\u0142a Google+-Schaltfl\u00e4che, czy te\u017c nie.<\/p>\n\n\n\n<p class=\"has-small-font-size eplus-wrapper\">Je\u015bli przekazanie danych osobowych do Google przez osob\u0119, z kt\u00f3r\u0105 si\u0119 zwi\u0105za\u0142a, nie jest dozwolone, mo\u017ce ona uzyska\u0107 takie przekazanie, je\u015bli zaloguje si\u0119 na swoje konto Google+ po wej\u015bciu na nasz\u0105 stron\u0119 internetow\u0105.<\/p>\n\n\n\n<p class=\"has-small-font-size eplus-wrapper\">Inne informacje i odpowiednie zasady ochrony danych osobowych Google mo\u017cna znale\u017a\u0107 pod adresem https:\/\/www.google.de\/intl\/de\/policies\/privacy\/. Inne wskaz\u00f3wki Google dotycz\u0105ce Google+1-Schaltfl\u00e4che mo\u017cna znale\u017a\u0107 pod adresem https:\/\/developers.google.com\/+\/web\/buttons-policy.<\/p>\n\n\n\n<p class=\"eplus-wrapper\"><strong>Zasady ochrony danych osobowych dotycz\u0105ce korzystania z Instagrama<\/strong><\/p>\n\n\n\n<p class=\"has-small-font-size eplus-wrapper\">Na tej stronie internetowej mo\u017cna zintegrowa\u0107 komponenty Instagrama. Instagram jest serwisem, kt\u00f3ry jako platforma audiowizualna kwalifikuje si\u0119 do udost\u0119pniania u\u017cytkownikom zdj\u0119\u0107 i film\u00f3w, a tak\u017ce umo\u017cliwia p\u00f3\u017aniejsz\u0105 wymian\u0119 danych w innych sieciach spo\u0142eczno\u015bciowych.<\/p>\n\n\n\n<p class=\"has-small-font-size eplus-wrapper\">Betreibergesellschaft der Dienste von Instagram ist die Instagram LLC, 1 Hacker Way, Building 14 First Floor, Menlo Park, CA, USA.<\/p>\n\n\n\n<p class=\"has-small-font-size eplus-wrapper\">Durch one Aufruf einer der Einzelseiten dieser Internetseite, die durch den f\u00fcr die Verarbeitung Verantwortlichen betrieben wird und auf welcher eine Instagram-Komponente (Insta-Button) integriert wurde, wird der Internetbrowser auf dem informationstechnologischen System der betroffenen Person automaticallyisch durch die jeweilige Instagram-Komponente veranlasst, eine Darstellung der entsprechenden Komponente von Instagram herunterzuladen. Im Rahmen dieses technischen Verfahrens erh\u00e4lt Instagram Kenntnis dar\u00fcber, welche konkrete Unterseite unserer Internetseite durch die betroffene Person besucht wird.<\/p>\n\n\n\n<p class=\"has-small-font-size eplus-wrapper\">Je\u015bli osoba zar\u0119czona jest stale zalogowana na Instagramie, Instagram b\u0119dzie wiedzia\u0142 przy ka\u017cdym wej\u015bciu na nasz\u0105 stron\u0119 internetow\u0105 przez osob\u0119 zar\u0119czon\u0105 i przez ca\u0142y czas trwania tego wej\u015bcia na nasz\u0105 stron\u0119 internetow\u0105, z jakiej konkretnej strony internetowej korzysta osoba zar\u0119czona. Informacje te s\u0105 przekazywane za po\u015brednictwem Instagram-Komponente i za po\u015brednictwem Instagrama, na konto Instagram osoby zdradzonej. Je\u015bli osoba zdradzana skorzysta z jednego z przycisk\u00f3w Instagrama zintegrowanych z nasz\u0105 stron\u0105 internetow\u0105, uzyskane w ten spos\u00f3b dane i informacje z osobistego konta Instagram osoby zdradzanej zostan\u0105 przekazane i przetworzone przez Instagram.<\/p>\n\n\n\n<p class=\"has-small-font-size eplus-wrapper\">Instagram udost\u0119pnia za po\u015brednictwem Instagram-Komponent zawsze informacje o tym, \u017ce osoba zdradzaj\u0105ca odwiedzi\u0142a nasz\u0105 stron\u0119 internetow\u0105, gdy osoba zdradzana w momencie odwiedzin naszej strony internetowej jest zalogowana na Instagramie; nie ma przy tym znaczenia, czy osoba zdradzaj\u0105ca zalogowa\u0142a si\u0119 na Instagram-Komponent, czy te\u017c nie. Je\u015bli nie jest mo\u017cliwe przekazanie tych informacji na Instagram przez osob\u0119, z kt\u00f3r\u0105 si\u0119 zwi\u0105za\u0142a, mo\u017ce ona to potwierdzi\u0107, je\u015bli zaloguje si\u0119 na swoje konto na Instagramie przed wej\u015bciem na nasz\u0105 stron\u0119 internetow\u0105.<\/p>\n\n\n\n<p class=\"has-small-font-size eplus-wrapper\">Dalsze informacje i obowi\u0105zuj\u0105ce zasady ochrony danych na Instagramie mo\u017cna znale\u017a\u0107 pod adresem https:\/\/help.instagram.com\/155833707900388 i https:\/\/www.instagram.com\/about\/legal\/privacy\/.<\/p>\n\n\n\n<p class=\"eplus-wrapper\"><strong>Zasady ochrony danych osobowych dotycz\u0105ce korzystania z serwisu LinkedIn<\/strong><\/p>\n\n\n\n<p class=\"has-small-font-size eplus-wrapper\">Na tej stronie internetowej mo\u017cna zintegrowa\u0107 komponenty LinkedIn Corporation. LinkedIn jest internetow\u0105 sieci\u0105 spo\u0142eczno\u015bciow\u0105, kt\u00f3ra umo\u017cliwia u\u017cytkownikom nawi\u0105zywanie kontakt\u00f3w biznesowych oraz pozyskiwanie nowych kontakt\u00f3w biznesowych. Ponad 400 milion\u00f3w zarejestrowanych u\u017cytkownik\u00f3w korzysta z LinkedIn w ponad 200 krajach. LinkedIn jest wi\u0119c obecnie najwi\u0119ksz\u0105 platform\u0105 do kontakt\u00f3w biznesowych i jednym z najbardziej popularnych portali internetowych na \u015bwiecie.<\/p>\n\n\n\n<p class=\"has-small-font-size eplus-wrapper\">Sp\u00f3\u0142k\u0105 zale\u017cn\u0105 LinkedIn jest LinkedIn Corporation, 2029 Stierlin Court Mountain View, CA 94043, USA. Dla cel\u00f3w ochrony danych osobowych poza USA w\u0142a\u015bciwym jest LinkedIn Ireland, Privacy Policy Issues, Wilton Plaza, Wilton Place, Dublin 2, Irlandia.<\/p>\n\n\n\n<p class=\"has-small-font-size eplus-wrapper\">Za ka\u017cdym razem, gdy na naszej stronie internetowej znajduje si\u0119 wtyczka LinkedIn (LinkedIn-Plug-In), nale\u017cy sprawdzi\u0107, czy wtyczka ta jest wy\u015bwietlana w przegl\u0105darce osoby, z kt\u00f3r\u0105 nawi\u0105zano po\u0142\u0105czenie. Dodatkowe informacje na temat wtyczek LinkedIn mo\u017cna uzyska\u0107 pod adresem https:\/\/developer.linkedin.com\/plugins. W ramach tej weryfikacji technicznej LinkedIn posiada wiedz\u0119 na temat tego, z jakiej konkretnej strony internetowej korzysta osoba, kt\u00f3rej udzielono licencji.<\/p>\n\n\n\n<p class=\"has-small-font-size eplus-wrapper\">Je\u015bli osoba po\u015blubiona jest stale zalogowana na LinkedIn, LinkedIn dowie si\u0119 o ka\u017cdym wej\u015bciu na nasz\u0105 stron\u0119 internetow\u0105 za po\u015brednictwem osoby po\u015blubionej oraz o tym, z jakiej konkretnej strony internetowej na naszej stronie internetowej korzysta osoba po\u015blubiona w czasie trwania tego wej\u015bcia na nasz\u0105 stron\u0119 internetow\u0105. Informacje te s\u0105 przekazywane za po\u015brednictwem LinkedIn-Komponente i za po\u015brednictwem LinkedIn jako konta LinkedIn osoby zdradzonej. Po naci\u015bni\u0119ciu przycisku LinkedIn zintegrowanego z nasz\u0105 stron\u0105 internetow\u0105 przez osob\u0119 przyjmuj\u0105c\u0105 zam\u00f3wienie, LinkedIn przeka\u017ce te informacje z osobistego konta LinkedIn osoby przyjmuj\u0105cej zam\u00f3wienie i wy\u015ble te dane osobowe.<\/p>\n\n\n\n<p class=\"has-small-font-size eplus-wrapper\">LinkedIn udost\u0119pnia za po\u015brednictwem LinkedIn-Komponent zawsze informacje o tym, \u017ce osoba zdradzana odwiedzi\u0142a nasz\u0105 stron\u0119 internetow\u0105, gdy osoba zdradzana w momencie otwarcia naszej strony internetowej jest zalogowana na LinkedIn; nie ma przy tym znaczenia, czy osoba zdradzana zarejestrowa\u0142a LinkedIn-Komponent, czy te\u017c nie. Je\u015bli nie jest mo\u017cliwe prawid\u0142owe wprowadzenie tych informacji do LinkedIn przez osob\u0119, z kt\u00f3r\u0105 si\u0119 zwi\u0105za\u0142a, mo\u017ce ona upewni\u0107 si\u0119, \u017ce po wej\u015bciu na nasz\u0105 stron\u0119 internetow\u0105 zalogowa\u0142a si\u0119 na swoje konto LinkedIn.<\/p>\n\n\n\n<p class=\"has-small-font-size eplus-wrapper\">LinkedIn oferuje pod adresem https:\/\/www.linkedin.com\/psettings\/guest-controls mo\u017cliwo\u015b\u0107 wysy\u0142ania wiadomo\u015bci e-mail, wiadomo\u015bci SMS i zielonych wiadomo\u015bci, a tak\u017ce wgl\u0105d w ustawienia wiadomo\u015bci. LinkedIn korzysta z innych partner\u00f3w, takich jak Quantcast, Google Analytics, BlueKai, DoubleClick, Nielsen, Comscore, Eloqua i Lotame, kt\u00f3rzy mog\u0105 ustawia\u0107 pliki cookie. Takie pliki cookie mog\u0105 zosta\u0107 usuni\u0119te pod adresem https:\/\/www.linkedin.com\/legal\/cookie-policy. Obowi\u0105zuj\u0105ce zasady ochrony danych osobowych LinkedIn s\u0105 dost\u0119pne pod adresem https:\/\/www.linkedin.com\/legal\/privacy-policy. Zasady dotycz\u0105ce plik\u00f3w cookie firmy LinkedIn s\u0105 dost\u0119pne pod adresem https:\/\/www.linkedin.com\/legal\/cookie-policy.<\/p>\n\n\n\n<p class=\"eplus-wrapper\"><strong>Zasady ochrony danych osobowych dotycz\u0105ce korzystania z Twittera<\/strong><\/p>\n\n\n\n<p class=\"has-small-font-size eplus-wrapper\">Na tej stronie internetowej mo\u017cna zintegrowa\u0107 komponenty Twittera. Twitter jest wieloj\u0119zyczn\u0105 i powszechnie dost\u0119pn\u0105 witryn\u0105 mikroblogow\u0105, w kt\u00f3rej u\u017cytkownicy mog\u0105 publikowa\u0107 i przegl\u0105da\u0107 w\u0142asne tweety, a tak\u017ce kr\u00f3tkie wiadomo\u015bci o d\u0142ugo\u015bci 280 znak\u00f3w. Te wiadomo\u015bci s\u0105 dost\u0119pne dla wszystkich, tak\u017ce dla os\u00f3b, kt\u00f3re nie s\u0105 zarejestrowane na Twitterze. Tweety s\u0105 r\u00f3wnie\u017c wy\u015bwietlane obserwuj\u0105cym danego u\u017cytkownika. Follower sind andere Twitter-Nutzer, die den Tweets eines Nutzers followgen. Ponadto Twitter za pomoc\u0105 hashtag\u00f3w, link\u00f3w lub retweet\u00f3w umo\u017cliwia \u015bledzenie kr\u00f3tkich publikacji.<\/p>\n\n\n\n<p class=\"has-small-font-size eplus-wrapper\">Betreibergesellschaft von Twitter ist die Twitter, Inc, 1355 Market Street, Suite 900, San Francisco, CA 94103, USA.<\/p>\n\n\n\n<p class=\"has-small-font-size eplus-wrapper\">Przy ka\u017cdym wej\u015bciu na jedn\u0105 ze stron internetowych, kt\u00f3ra zosta\u0142a utworzona na potrzeby weryfikacji i na kt\u00f3rej zosta\u0142 zintegrowany przycisk Twittera, przegl\u0105darka internetowa w systemie informatycznym osoby, kt\u00f3rej to dotyczy, zostanie automatycznie wy\u015bwietlona za pomoc\u0105 odpowiedniego przycisku Twittera, a nast\u0119pnie zostanie wy\u015bwietlona prezentacja odpowiedniego przycisku Twittera. Wi\u0119cej informacji na temat przycisk\u00f3w Twittera mo\u017cna znale\u017a\u0107 pod adresem https:\/\/about.twitter.com\/de\/resources\/buttons. W ramach tej weryfikacji technicznej Twitter posiada wiedz\u0119 na temat tego, w jaki spos\u00f3b konkretna strona internetowa jest u\u017cywana przez osob\u0119 zaufan\u0105. Integracja z Twitter-Komponente ma na celu umo\u017cliwienie naszym u\u017cytkownikom lepszego wykorzystania informacji zawartych na tej stronie internetowej, zwi\u0119kszenie rozpoznawalno\u015bci tej strony internetowej w cyfrowym \u015bwiecie oraz zwi\u0119kszenie liczby naszych klient\u00f3w.<\/p>\n\n\n\n<p class=\"has-small-font-size eplus-wrapper\">Je\u015bli osoba zdradzona jest stale zalogowana na Twitterze, Twitter dowie si\u0119 przy ka\u017cdym wej\u015bciu na nasz\u0105 stron\u0119 internetow\u0105 za po\u015brednictwem osoby zdradzonej i przez ca\u0142y czas trwania tego wej\u015bcia na nasz\u0105 stron\u0119 internetow\u0105, z jakiej konkretnej strony internetowej korzysta osoba zdradzona. Informacje te s\u0105 przekazywane za po\u015brednictwem Twitter-Komponente i za po\u015brednictwem Twittera, na konto Twittera osoby zdradzonej. Je\u015bli osoba przyjmuj\u0105ca zam\u00f3wienie skorzysta z jednego z przycisk\u00f3w Twittera zintegrowanych z nasz\u0105 witryn\u0105 internetow\u0105, uzyskane w ten spos\u00f3b dane i informacje z osobistego konta Twittera osoby przyjmuj\u0105cej zam\u00f3wienie zostan\u0105 przekazane i przetworzone przez Twittera.<\/p>\n\n\n\n<p class=\"has-small-font-size eplus-wrapper\">Twitter udost\u0119pnia za po\u015brednictwem Twitter-Komponent ka\u017cdorazowo informacj\u0119 o tym, \u017ce osoba zdradzana odwiedzi\u0142a nasz\u0105 stron\u0119 internetow\u0105, gdy osoba zdradzana w momencie odwiedzin naszej strony internetowej jest zalogowana na Twitterze; nie ma znaczenia, czy osoba zdradzana zarejestrowa\u0142a Twitter-Komponent, czy te\u017c nie. Je\u015bli nie jest mo\u017cliwe prawid\u0142owe przekazanie tych informacji na Twittera przez osob\u0119 zdradzan\u0105, mo\u017ce ona to potwierdzi\u0107, je\u015bli zaloguje si\u0119 na swoje konto na Twitterze przed wej\u015bciem na nasz\u0105 stron\u0119 internetow\u0105.<\/p>\n\n\n\n<p class=\"has-small-font-size eplus-wrapper\">Die geltenden Datenschutzbestimmungen von Twitter sind unter https:\/\/twitter.com\/privacy?lang=de abrufbar.<\/p>\n\n\n\n<p class=\"eplus-wrapper\"><strong>Zasady ochrony danych osobowych dotycz\u0105ce korzystania z Facebooka<\/strong><\/p>\n\n\n\n<p class=\"has-small-font-size eplus-wrapper\">Na tej stronie internetowej mo\u017cna zintegrowa\u0107 komponenty Facebooka. Facebook jest sieci\u0105 spo\u0142eczno\u015bciow\u0105.<\/p>\n\n\n\n<p class=\"has-small-font-size eplus-wrapper\">Sie\u0107 socjalna jest jednym z punkt\u00f3w odniesienia w Internecie, spo\u0142eczno\u015bci\u0105 internetow\u0105, kt\u00f3ra umo\u017cliwia u\u017cytkownikom komunikacj\u0119 i wsp\u00f3\u0142dzia\u0142anie w wirtualnym \u015brodowisku. Ein soziales Netzwerk kann als Plattform zum Austausch von Meinungen und Erfahrungen dienen or erm\u00f6glicht es der Internetgemeinschaft, pers\u00f6nliche oder unternehmensbezogene Informationen bereitzustellen. Facebook umo\u017cliwia u\u017cytkownikom korzystanie z sieci spo\u0142eczno\u015bciowej, w tym tworzenie prywatnych profili, przesy\u0142anie zdj\u0119\u0107 i weryfikacj\u0119 relacji mi\u0119dzyludzkich.<\/p>\n\n\n\n<p class=\"has-small-font-size eplus-wrapper\">Sp\u00f3\u0142k\u0105 zak\u0142adow\u0105 Facebooka jest Facebook, Inc., 1 Hacker Way, Menlo Park, CA 94025, USA. Za przetwarzanie danych osobowych odpowiedzialna jest firma Facebook Ireland Ltd., 4 Grand Canal Square, Grand Canal Harbour, Dublin 2, Irlandia, w przypadku gdy osoba zatrudniona znajduje si\u0119 poza USA lub Kanad\u0105.<\/p>\n\n\n\n<p class=\"has-small-font-size eplus-wrapper\">Przy ka\u017cdym wej\u015bciu na kt\u00f3r\u0105kolwiek ze stron internetowych, kt\u00f3ra zosta\u0142a utworzona w celu weryfikacji i na kt\u00f3rej zosta\u0142a zintegrowana wtyczka Facebooka, przegl\u0105darka internetowa w systemie informatycznym osoby, kt\u00f3ra si\u0119 na ni\u0105 zdecydowa\u0142a, zostanie automatycznie wy\u015bwietlona lista wszystkich wtyczek Facebooka utworzonych przez Facebooka. Szczeg\u00f3\u0142owe informacje na temat wszystkich wtyczek Facebooka mo\u017cna znale\u017a\u0107 pod adresem https:\/\/developers.facebook.com\/docs\/plugins\/?locale=de_DE. W ramach tej weryfikacji technicznej Facebook uzyskuje wiedz\u0119 na temat tego, w jaki spos\u00f3b konkretna strona internetowa jest u\u017cywana przez dan\u0105 osob\u0119.<\/p>\n\n\n\n<p class=\"has-small-font-size eplus-wrapper\">Je\u015bli osoba zdradzona jest stale zalogowana na Facebooku, Facebook b\u0119dzie wiedzia\u0142, \u017ce przy ka\u017cdym wej\u015bciu na nasz\u0105 stron\u0119 internetow\u0105 przez osob\u0119 zdradzon\u0105 oraz w trakcie trwania tego wej\u015bcia na nasz\u0105 stron\u0119 internetow\u0105, z jakiej konkretnej strony internetowej na naszej stronie internetowej korzysta osoba zdradzona. Informacje te s\u0105 przekazywane przez Facebook-Komponente i za po\u015brednictwem Facebooka na konto Facebook osoby zdradzonej. Je\u015bli osoba obdarowana skorzysta z jednego z przycisk\u00f3w Facebooka zintegrowanych z nasz\u0105 stron\u0105 internetow\u0105, na przyk\u0142ad przycisku \"Podoba mi si\u0119\", lub je\u015bli osoba obdarowana otrzyma komentarz, Facebook przeka\u017ce te informacje do osobistego konta Facebook osoby obdarowanej i przeka\u017ce te dane osobowe.<\/p>\n\n\n\n<p class=\"has-small-font-size eplus-wrapper\">Facebook udost\u0119pnia za po\u015brednictwem Facebook-Komponente ka\u017cdorazowo informacje o tym, \u017ce osoba zdradzana odwiedza nasz\u0105 stron\u0119 internetow\u0105, gdy osoba zdradzana w momencie odwiedzin naszej strony internetowej jest zalogowana na Facebooku; nie ma przy tym znaczenia, czy osoba zdradzana zarejestrowa\u0142a Facebook-Komponente, czy nie. Je\u015bli nie jest mo\u017cliwe prawid\u0142owe przekazanie tych informacji do Facebooka przez osob\u0119 zdradzan\u0105, mo\u017ce ona uzyska\u0107 tak\u0105 zgod\u0119, je\u015bli zaloguje si\u0119 na swoje konto na Facebooku po wej\u015bciu na nasz\u0105 stron\u0119 internetow\u0105.<\/p>\n\n\n\n<p class=\"has-small-font-size eplus-wrapper\">Weryfikowana przez Facebooka Datenrichtlinie, kt\u00f3ra jest dost\u0119pna pod adresem https:\/\/de-de.facebook.com\/about\/privacy\/, zawiera instrukcje dotycz\u0105ce gromadzenia, przetwarzania i wykorzystywania danych osobowych przez Facebooka. Ferner wird dort erl\u00e4utert, welche Einstellungsm\u00f6glichkeiten Facebook zum Schutz der Privatsph\u00e4re der betroffenen Person bietet. Zudem sind unterschiedliche Applikationen erh\u00e4ltlich, die es perm\u00f6glichen, eine Daten\u00fcbermittlung an Facebook zu unterdr\u00fccken. Aplikacje te mog\u0105 by\u0107 u\u017cywane przez osob\u0119, kt\u00f3ra si\u0119 z nimi zwi\u0105za\u0142a, w celu uzyskania dost\u0119pu do danych na Facebooku.<\/p>\n\n\n\n<p class=\"eplus-wrapper\"><strong>Zasady ochrony danych osobowych dotycz\u0105ce korzystania z us\u0142ugi Xing<\/strong><\/p>\n\n\n\n<p class=\"has-small-font-size eplus-wrapper\">Na tej stronie internetowej mo\u017cna zintegrowa\u0107 komponenty Xing. Xing jest sieci\u0105 spo\u0142eczno\u015bciow\u0105 opart\u0105 na Internecie, kt\u00f3ra \u0142\u0105czy u\u017cytkownik\u00f3w z najlepszymi kontaktami biznesowymi oraz umo\u017cliwia nawi\u0105zywanie nowych kontakt\u00f3w biznesowych. Poszczeg\u00f3lni u\u017cytkownicy mog\u0105 w Xing uzyska\u0107 sw\u00f3j osobisty profil. Firmy mog\u0105 na przyk\u0142ad tworzy\u0107 profile firm lub publikowa\u0107 og\u0142oszenia na Xing.<\/p>\n\n\n\n<p class=\"has-small-font-size eplus-wrapper\">Betreibergesellschaft von Xing ist die XING SE, Dammtorstra\u00dfe 30, 20354 Hamburg, Deutschland.<\/p>\n\n\n\n<p class=\"has-small-font-size eplus-wrapper\">Przy ka\u017cdym wej\u015bciu na kt\u00f3r\u0105kolwiek ze stron internetowych, kt\u00f3ra zosta\u0142a utworzona na potrzeby weryfikacji i na kt\u00f3rej zintegrowano komponent Xing (Xing-Plug-In), przegl\u0105darka internetowa w systemie informatycznym osoby, kt\u00f3rej to dotyczy, zostanie automatycznie wy\u015bwietlona za pomoc\u0105 odpowiedniego komponentu Xing, co spowoduje wy\u015bwietlenie wszystkich komponent\u00f3w Xing firmy Xing. Wi\u0119cej informacji na temat wtyczek Xing mo\u017cna znale\u017a\u0107 pod adresem https:\/\/dev.xing.com\/plugins. W ramach tych technicznych procedur Xing posiada wiedz\u0119 na temat tego, z jakiej konkretnej strony internetowej mo\u017ce korzysta\u0107 osoba, kt\u00f3ra si\u0119 z nami zwi\u0105za\u0142a.<\/p>\n\n\n\n<p class=\"has-small-font-size eplus-wrapper\">Je\u015bli osoba zdradzona jest stale zalogowana w Xing, Xing b\u0119dzie wiedzia\u0142 przy ka\u017cdym wej\u015bciu na nasz\u0105 stron\u0119 internetow\u0105 przez osob\u0119 zdradzon\u0105 i przez ca\u0142y czas trwania tego wej\u015bcia na nasz\u0105 stron\u0119 internetow\u0105, z jakiej konkretnej strony internetowej korzysta osoba zdradzona. Informacje te s\u0105 przekazywane przez Xing-Komponente i przez Xing na konto Xing osoby zdradzanej. Je\u015bli osoba obdarowana skorzysta z jednego z przycisk\u00f3w Xing zintegrowanych z nasz\u0105 stron\u0105 internetow\u0105, na przyk\u0142ad przycisku \"Udost\u0119pnij\", Xing przeka\u017ce te informacje do osobistego konta Xing osoby obdarowanej i wy\u015ble te dane osobowe.<\/p>\n\n\n\n<p class=\"has-small-font-size eplus-wrapper\">Xing udost\u0119pnia za po\u015brednictwem Xing-Komponent zawsze informacj\u0119 o tym, \u017ce osoba zdradzaj\u0105ca odwiedzi\u0142a nasz\u0105 stron\u0119 internetow\u0105, gdy osoba zdradzana w momencie odwiedzin naszej strony internetowej jest zalogowana w Xing; nie ma znaczenia, czy osoba zdradzaj\u0105ca zarejestrowa\u0142a Xing-Komponent, czy te\u017c nie. Je\u015bli nie jest mo\u017cliwe prawid\u0142owe przekazanie tych informacji do Xing przez osob\u0119 zdradzan\u0105, mo\u017ce ona to potwierdzi\u0107, je\u015bli zaloguje si\u0119 na swoje konto Xing po wej\u015bciu na nasz\u0105 stron\u0119 internetow\u0105.<\/p>\n\n\n\n<p class=\"has-small-font-size eplus-wrapper\">Weryfikowane przez Xing zasady ochrony danych osobowych, kt\u00f3re s\u0105 dost\u0119pne pod adresem https:\/\/www.xing.com\/privacy, maj\u0105 wp\u0142yw na gromadzenie, przetwarzanie i wykorzystywanie danych osobowych przez Xing. Ponadto Xing pod adresem https:\/\/www.xing.com\/app\/share?op=data_protection opublikowa\u0142 zasady ochrony danych dla przycisku XING-Share.<\/p>\n\n\n\n<p class=\"eplus-wrapper\"><strong>Zasady ochrony danych osobowych dotycz\u0105ce korzystania z YouTube<\/strong><\/p>\n\n\n\n<p class=\"has-small-font-size eplus-wrapper\">Do integracji i prezentacji materia\u0142\u00f3w wideo s\u0142u\u017c\u0105 nasze wtyczki YouTube. YouTube to internetowy wideoportal, kt\u00f3ry umo\u017cliwia wydawcom film\u00f3w niedrogie publikowanie klip\u00f3w wideo, a innym u\u017cytkownikom - r\u00f3wnie niedrogie ich ogl\u0105danie, ocenianie i komentowanie. YouTube umo\u017cliwia publikacj\u0119 wszystkich rodzaj\u00f3w materia\u0142\u00f3w wideo, w tym pe\u0142nych materia\u0142\u00f3w filmowych i telewizyjnych, a tak\u017ce teledysk\u00f3w, zwiastun\u00f3w i film\u00f3w zarejestrowanych przez u\u017cytkownik\u00f3w za po\u015brednictwem portalu internetowego.<\/p>\n\n\n\n<p class=\"has-small-font-size eplus-wrapper\">Betreibergesellschaft von YouTube ist die YouTube, LLC, 901 Cherry Ave., San Bruno, CA 94066, USA. Die YouTube, LLC ist einer Tochtergesellschaft der Google Inc, 1600 Amphitheatre Pkwy, Mountain View, CA 94043-1351, USA.<\/p>\n\n\n\n<p class=\"has-small-font-size eplus-wrapper\">Za ka\u017cdym razem, gdy u\u017cytkownik odwiedza jedn\u0105 z witryn internetowych, kt\u00f3ra zosta\u0142a utworzona w celu weryfikacji, i na kt\u00f3rej zintegrowano YouTube (YouTube-Video), przegl\u0105darka internetowa w systemie informatycznym osoby, kt\u00f3rej to dotyczy, zostanie automatycznie wy\u015bwietlona, a nast\u0119pnie wy\u015bwietlone zostan\u0105 wszystkie komponenty YouTube z YouTube. Inne informacje na temat YouTube mo\u017cna znale\u017a\u0107 pod adresem https:\/\/www.youtube.com\/yt\/about\/de\/. W ramach tej weryfikacji technicznej YouTube i Google uzyskuj\u0105 wiedz\u0119 na temat tego, z jakiej konkretnej strony internetowej korzysta osoba, kt\u00f3rej udzielono licencji.<\/p>\n\n\n\n<p class=\"has-small-font-size eplus-wrapper\">Je\u015bli osoba, z kt\u00f3r\u0105 si\u0119 zar\u0119czy\u0142a, jest stale zalogowana w serwisie YouTube, YouTube za po\u015brednictwem strony internetowej, na kt\u00f3rej znajduje si\u0119 film YouTube, dowie si\u0119, z jakiej konkretnej strony internetowej korzysta osoba, z kt\u00f3r\u0105 si\u0119 zar\u0119czy\u0142a. Informacje te s\u0105 przekazywane przez YouTube i Google, a konto YouTube osoby zar\u0119czonej jest z nimi powi\u0105zane.<\/p>\n\n\n\n<p class=\"has-small-font-size eplus-wrapper\">YouTube i Google dostarczaj\u0105 za po\u015brednictwem YouTube-Komponent zawsze informacje o tym, \u017ce osoba zdradzana odwiedza nasz\u0105 stron\u0119 internetow\u0105, gdy osoba zdradzana w momencie wej\u015bcia na nasz\u0105 stron\u0119 internetow\u0105 jest zalogowana na YouTube; nie ma przy tym znaczenia, czy osoba zdradzana obejrza\u0142a film na YouTube, czy nie. Je\u015bli nie jest mo\u017cliwe prawid\u0142owe przekazanie tych informacji do YouTube i Google przez osob\u0119 zdradzan\u0105, mo\u017ce ona to potwierdzi\u0107, je\u015bli zaloguje si\u0119 na swoje konto YouTube przed wej\u015bciem na nasz\u0105 stron\u0119 internetow\u0105.<\/p>\n\n\n\n<p class=\"has-small-font-size eplus-wrapper\">Zasady dotycz\u0105ce ochrony danych osobowych opublikowane przez YouTube, kt\u00f3re obowi\u0105zuj\u0105 pod adresem https:\/\/www.google.de\/intl\/de\/policies\/privacy\/, maj\u0105 wp\u0142yw na gromadzenie, przetwarzanie i wykorzystywanie danych osobowych przez YouTube i Google.<\/p>\n\n\n\n<p class=\"eplus-wrapper\"><strong>Zasady ochrony danych osobowych dotycz\u0105ce korzystania z serwisu Vimeo<\/strong><\/p>\n\n\n\n<p class=\"has-small-font-size eplus-wrapper\">Do integracji i prezentacji materia\u0142\u00f3w wideo s\u0142u\u017c\u0105 wtyczki Vimeo. W\u0142a\u015bcicielem portali wideo jest firma Vimeo Inc., 555 West 18th Street, Nowy Jork, Nowy Jork 10011, USA.<\/p>\n\n\n\n<p class=\"has-small-font-size eplus-wrapper\">Po wej\u015bciu na stron\u0119 ze zintegrowan\u0105 wtyczk\u0105 Vimeo zostanie nawi\u0105zane po\u0142\u0105czenie z serwerami Vimeo. Vimeo sprawdza tutaj, jakie nasze strony zosta\u0142y za\u0142adowane. Vimeo sprawdza adres IP u\u017cytkownika, nawet je\u015bli nie jest on zalogowany do Videoportalu lub nie posiada konta. Nast\u0119puje przeniesienie informacji uzyskanych z Vimeo na serwer Videoportalu w USA.<\/p>\n\n\n\n<p class=\"has-small-font-size eplus-wrapper\">Vimeo mo\u017ce bezpo\u015brednio zarz\u0105dza\u0107 Twoim osobistym profilem. Dzi\u0119ki wcze\u015bniejszemu logowaniu masz mo\u017cliwo\u015b\u0107, aby to roz\u0142\u0105czy\u0107.<\/p>\n\n\n\n<p class=\"has-small-font-size eplus-wrapper\">Szczeg\u00f3\u0142owe informacje na temat powi\u0105za\u0144 z danymi u\u017cytkownik\u00f3w mo\u017cna znale\u017a\u0107 w zak\u0142adce Datachutzerkl\u00e4rung von Vimeo: <a href=\"https:\/\/vimeo.com\/privacy\">https:\/\/vimeo.com\/privacy<\/a>.<\/p>\n\n\n\n<p class=\"eplus-wrapper\"><strong>Program partnerski Amazon<\/strong><\/p>\n\n\n\n<p class=\"has-small-font-size eplus-wrapper\">Jako za\u0142o\u017cyciel tej strony jeste\u015bmy cz\u0119\u015bci\u0105 programu partnerskiego Amazon EU. Na naszych stronach znajduj\u0105 si\u0119 reklamy Amazon oraz linki do Amazon, dzi\u0119ki kt\u00f3rym mo\u017cna uzyska\u0107 zwrot pieni\u0119dzy za zakupione produkty. Wykorzystywane s\u0105 pliki cookie Amazon, poniewa\u017c Amazon wie, \u017ce na naszej stronie internetowej znajduje si\u0119 link partnerski.<\/p>\n\n\n\n<p class=\"has-small-font-size eplus-wrapper\">Zabezpieczenie plik\u00f3w \"Amazon-Cookies\" odbywa si\u0119 na podstawie art. 6 lit. f DSGVO. Jako administratorzy strony internetowej mamy tutaj uzasadniony interes, poniewa\u017c tylko dzi\u0119ki plikom cookie wysoko\u015b\u0107 koszt\u00f3w u\u017cytkowania jest stabilna.<\/p>\n\n\n\n<p class=\"has-small-font-size eplus-wrapper\">Szczeg\u00f3\u0142owe informacje na temat ochrony danych przez Amazon mo\u017cna znale\u017a\u0107 w sekcji Amazon Datenschutzerkl\u00e4rung: <a href=\"https:\/\/www.amazon.de\/gp\/help\/customer\/display.html\/ref=footer_privacy?ie=UTF8&amp;nodeId=3312401\">https:\/\/www.amazon.de\/gp\/help\/customer\/display.html\/ref=footer_privacy?ie=UTF8&amp;nodeId=3312401<\/a>.<\/p>\n\n\n\n<p class=\"eplus-wrapper\"><small>Quellen:<br>Datenschutz-Konfigurator von <a href=\"http:\/\/www.mein-datenschutzbeauftragter.de\" target=\"_blank\" rel=\"noreferrer noopener\">mein-datenschutzbeauftragter.de<\/a><br>Datenschutzerkl\u00e4rungs-Generator der <a href=\"https:\/\/dg-datenschutz.de\/datenschutz-dienstleistungen\/externer-datenschutzbeauftragter\/\">DGD Deutsche Gesellschaft f\u00fcr Datenschutz GmbH<\/a><\/small><\/p>\n<\/div>\n<\/div>","protected":false},"excerpt":{"rendered":"<p>Allgemeiner Hinweis und Pflichtinformationen Die Nutzung unserer Internetseiten ist grunds\u00e4tzlich ohne jede Angabe personenbezogener Daten m\u00f6glich. Sofern eine betroffene Person besondere Services \u00fcber unsere Internetseite in Anspruch nehmen m\u00f6chte, k\u00f6nnte [&hellip;]<\/p>\n","protected":false},"author":1,"featured_media":0,"parent":0,"menu_order":0,"comment_status":"closed","ping_status":"closed","template":"","meta":{"editor_plus_copied_stylings":"{}","pgc_sgb_lightbox_settings":"","_price":"","_stock":"","_tribe_ticket_header":"","_tribe_default_ticket_provider":"","_tribe_ticket_capacity":"0","_ticket_start_date":"","_ticket_end_date":"","_tribe_ticket_show_description":"","_tribe_ticket_show_not_going":false,"_tribe_ticket_use_global_stock":"","_tribe_ticket_global_stock_level":"","_global_stock_mode":"","_global_stock_cap":"","_tribe_rsvp_for_event":"","_tribe_ticket_going_count":"","_tribe_ticket_not_going_count":"","_tribe_tickets_list":"[]","_tribe_ticket_has_attendee_info_fields":false,"_EventAllDay":false,"_EventTimezone":"","_EventStartDate":"","_EventEndDate":"","_EventStartDateUTC":"","_EventEndDateUTC":"","_EventShowMap":false,"_EventShowMapLink":false,"_EventURL":"","_EventCost":"","_EventCostDescription":"","_EventCurrencySymbol":"","_EventCurrencyCode":"","_EventCurrencyPosition":"","_EventDateTimeSeparator":"","_EventTimeRangeSeparator":"","_EventOrganizerID":[],"_EventVenueID":[],"_OrganizerEmail":"","_OrganizerPhone":"","_OrganizerWebsite":"","_VenueAddress":"","_VenueCity":"","_VenueCountry":"","_VenueProvince":"","_VenueState":"","_VenueZip":"","_VenuePhone":"","_VenueURL":"","_VenueStateProvince":"","_VenueLat":"","_VenueLng":"","_VenueShowMap":false,"_VenueShowMapLink":false,"footnotes":""},"class_list":["post-663","page","type-page","status-publish","hentry"],"_links":{"self":[{"href":"https:\/\/www.forte-cultura.network\/pl\/wp-json\/wp\/v2\/pages\/663","targetHints":{"allow":["GET"]}}],"collection":[{"href":"https:\/\/www.forte-cultura.network\/pl\/wp-json\/wp\/v2\/pages"}],"about":[{"href":"https:\/\/www.forte-cultura.network\/pl\/wp-json\/wp\/v2\/types\/page"}],"author":[{"embeddable":true,"href":"https:\/\/www.forte-cultura.network\/pl\/wp-json\/wp\/v2\/users\/1"}],"replies":[{"embeddable":true,"href":"https:\/\/www.forte-cultura.network\/pl\/wp-json\/wp\/v2\/comments?post=663"}],"version-history":[{"count":0,"href":"https:\/\/www.forte-cultura.network\/pl\/wp-json\/wp\/v2\/pages\/663\/revisions"}],"wp:attachment":[{"href":"https:\/\/www.forte-cultura.network\/pl\/wp-json\/wp\/v2\/media?parent=663"}],"curies":[{"name":"wp","href":"https:\/\/api.w.org\/{rel}","templated":true}]}}